{"id":4876,"date":"2025-11-24T12:09:37","date_gmt":"2025-11-24T12:09:37","guid":{"rendered":"https:\/\/ak-voelkerstrafrecht.org\/?page_id=4876"},"modified":"2026-01-30T15:14:13","modified_gmt":"2026-01-30T15:14:13","slug":"robert-kempner-preis","status":"publish","type":"page","link":"https:\/\/ak-voelkerstrafrecht.org\/en\/robert-kempner-preis\/","title":{"rendered":"Robert Kempner Preis"},"content":{"rendered":"<div data-elementor-type=\"wp-page\" data-elementor-id=\"4876\" class=\"elementor elementor-4876\" data-elementor-post-type=\"page\">\n\t\t\t\t\t\t<section class=\"has_eae_slider elementor-section elementor-top-section elementor-element elementor-element-dc3efc4 elementor-section-boxed elementor-section-height-default elementor-section-height-default\" data-eae-slider=\"34298\" data-id=\"dc3efc4\" data-element_type=\"section\" data-e-type=\"section\">\n\t\t\t\t\t\t<div class=\"elementor-container elementor-column-gap-default\">\n\t\t\t\t\t<div class=\"has_eae_slider elementor-column elementor-col-50 elementor-top-column elementor-element elementor-element-04a755b\" data-eae-slider=\"98037\" data-id=\"04a755b\" data-element_type=\"column\" data-e-type=\"column\" data-settings=\"{&quot;background_background&quot;:&quot;classic&quot;}\">\n\t\t\t<div class=\"elementor-widget-wrap elementor-element-populated\">\n\t\t\t\t\t\t<section class=\"has_eae_slider elementor-section elementor-inner-section elementor-element elementor-element-6018b57 elementor-section-full_width elementor-section-height-default elementor-section-height-default\" data-eae-slider=\"83166\" data-id=\"6018b57\" data-element_type=\"section\" data-e-type=\"section\" data-settings=\"{&quot;background_background&quot;:&quot;classic&quot;}\">\n\t\t\t\t\t\t<div class=\"elementor-container elementor-column-gap-default\">\n\t\t\t\t\t<div class=\"has_eae_slider elementor-column elementor-col-100 elementor-inner-column elementor-element elementor-element-c238134\" data-eae-slider=\"77353\" data-id=\"c238134\" data-element_type=\"column\" data-e-type=\"column\" data-settings=\"{&quot;background_background&quot;:&quot;classic&quot;}\">\n\t\t\t<div class=\"elementor-widget-wrap elementor-element-populated\">\n\t\t\t\t\t\t<div class=\"elementor-element elementor-element-0352c34 elementor-widget__width-auto elementor-widget elementor-widget-heading\" data-id=\"0352c34\" data-element_type=\"widget\" data-e-type=\"widget\" data-widget_type=\"heading.default\">\n\t\t\t\t<div class=\"elementor-widget-container\">\n\t\t\t\t\t<h1 class=\"elementor-heading-title elementor-size-default\">Robert-Kempner-Preis<\/h1>\t\t\t\t<\/div>\n\t\t\t\t<\/div>\n\t\t\t\t<div class=\"elementor-element elementor-element-2e4df3d elementor-widget elementor-widget-text-editor\" data-id=\"2e4df3d\" data-element_type=\"widget\" data-e-type=\"widget\" data-widget_type=\"text-editor.default\">\n\t\t\t\t<div class=\"elementor-widget-container\">\n\t\t\t\t\t\t\t\t\t<p>The working group awards the Robert Kempner Prize for outstanding monographs in the field of international criminal law. The prize is awarded every two years and is aimed at academics who are under the age of 35 at the time of publication of the award-winning work.<\/p><p><a href=\"https:\/\/ak-voelkerstrafrecht.org\/wp-content\/uploads\/2026\/01\/Kempner-Preis_Formular_2026-1.pdf\" target=\"_blank\" rel=\"noopener\"><i>The application form for the 2026 award is available here.<\/i><\/a><\/p>\t\t\t\t\t\t\t\t<\/div>\n\t\t\t\t<\/div>\n\t\t\t\t<div class=\"elementor-element elementor-element-cb8b288 elementor-widget__width-auto elementor-widget elementor-widget-heading\" data-id=\"cb8b288\" data-element_type=\"widget\" data-e-type=\"widget\" data-widget_type=\"heading.default\">\n\t\t\t\t<div class=\"elementor-widget-container\">\n\t\t\t\t\t<h1 class=\"elementor-heading-title elementor-size-default\">Previous winners are:<\/h1>\t\t\t\t<\/div>\n\t\t\t\t<\/div>\n\t\t\t\t<div class=\"elementor-element elementor-element-6f25060 elementor-position-left elementor-position-left elementor-vertical-align-middle elementor-vertical-align-top elementor-widget elementor-widget-image-box\" data-id=\"6f25060\" data-element_type=\"widget\" data-e-type=\"widget\" data-widget_type=\"image-box.default\">\n\t\t\t\t<div class=\"elementor-widget-container\">\n\t\t\t\t\t<div class=\"elementor-image-box-wrapper\"><figure class=\"elementor-image-box-img\"><a href=\"https:\/\/link.springer.com\/book\/10.1007\/978-94-6265-591-1\" target=\"_blank\" tabindex=\"-1\"><img fetchpriority=\"high\" decoding=\"async\" width=\"827\" height=\"1246\" src=\"https:\/\/ak-voelkerstrafrecht.org\/wp-content\/uploads\/2025\/12\/978-94-6265-591-1.webp\" class=\"attachment-full size-full wp-image-5352\" alt=\"\" srcset=\"https:\/\/ak-voelkerstrafrecht.org\/wp-content\/uploads\/2025\/12\/978-94-6265-591-1.webp 827w, https:\/\/ak-voelkerstrafrecht.org\/wp-content\/uploads\/2025\/12\/978-94-6265-591-1-199x300.webp 199w, https:\/\/ak-voelkerstrafrecht.org\/wp-content\/uploads\/2025\/12\/978-94-6265-591-1-680x1024.webp 680w, https:\/\/ak-voelkerstrafrecht.org\/wp-content\/uploads\/2025\/12\/978-94-6265-591-1-768x1157.webp 768w\" sizes=\"(max-width: 827px) 100vw, 827px\" \/><\/a><\/figure><div class=\"elementor-image-box-content\"><h3 class=\"elementor-image-box-title\"><a href=\"https:\/\/link.springer.com\/book\/10.1007\/978-94-6265-591-1\" target=\"_blank\">2024<br>Dr. Annegret Hartig, LL.M. (UvA, Columbia) <\/a><\/h3><p class=\"elementor-image-box-description\">Making Aggression a Crime Under Domestic Law,<br> T.M.C. Asser Press, 2023<\/p><\/div><\/div>\t\t\t\t<\/div>\n\t\t\t\t<\/div>\n\t\t\t\t<div class=\"elementor-element elementor-element-3ad5ea7 elementor-position-left elementor-position-left elementor-vertical-align-middle elementor-vertical-align-top elementor-widget elementor-widget-image-box\" data-id=\"3ad5ea7\" data-element_type=\"widget\" data-e-type=\"widget\" data-widget_type=\"image-box.default\">\n\t\t\t\t<div class=\"elementor-widget-container\">\n\t\t\t\t\t<div class=\"elementor-image-box-wrapper\"><figure class=\"elementor-image-box-img\"><a href=\"https:\/\/link.springer.com\/book\/10.1007\/978-94-6265-451-8\" target=\"_blank\" tabindex=\"-1\"><img decoding=\"async\" width=\"827\" height=\"1246\" src=\"https:\/\/ak-voelkerstrafrecht.org\/wp-content\/uploads\/2025\/12\/978-94-6265-451-8.webp\" class=\"attachment-full size-full wp-image-5354\" alt=\"\" srcset=\"https:\/\/ak-voelkerstrafrecht.org\/wp-content\/uploads\/2025\/12\/978-94-6265-451-8.webp 827w, https:\/\/ak-voelkerstrafrecht.org\/wp-content\/uploads\/2025\/12\/978-94-6265-451-8-199x300.webp 199w, https:\/\/ak-voelkerstrafrecht.org\/wp-content\/uploads\/2025\/12\/978-94-6265-451-8-680x1024.webp 680w, https:\/\/ak-voelkerstrafrecht.org\/wp-content\/uploads\/2025\/12\/978-94-6265-451-8-768x1157.webp 768w\" sizes=\"(max-width: 827px) 100vw, 827px\" \/><\/a><\/figure><div class=\"elementor-image-box-content\"><h3 class=\"elementor-image-box-title\"><a href=\"https:\/\/link.springer.com\/book\/10.1007\/978-94-6265-451-8\" target=\"_blank\">2022<br> Dr. Tanja Altunjan<\/a><\/h3><p class=\"elementor-image-box-description\">Reproductive Violence and International Criminal Law, <br>T.M.C. Asser 2021<\/p><\/div><\/div>\t\t\t\t<\/div>\n\t\t\t\t<\/div>\n\t\t\t\t<div class=\"elementor-element elementor-element-bdbf10c elementor-position-left elementor-position-left elementor-vertical-align-middle elementor-vertical-align-top elementor-widget elementor-widget-image-box\" data-id=\"bdbf10c\" data-element_type=\"widget\" data-e-type=\"widget\" data-widget_type=\"image-box.default\">\n\t\t\t\t<div class=\"elementor-widget-container\">\n\t\t\t\t\t<div class=\"elementor-image-box-wrapper\"><figure class=\"elementor-image-box-img\"><a href=\"https:\/\/www.nomos-shop.de\/de\/p\/minderheitenschutz-im-voelkerstrafrecht-gr-978-3-8487-5052-8\" target=\"_blank\" tabindex=\"-1\"><img decoding=\"async\" width=\"270\" height=\"400\" src=\"https:\/\/ak-voelkerstrafrecht.org\/wp-content\/uploads\/2025\/12\/88-978-3-8487-5052-8.webp\" class=\"attachment-full size-full wp-image-5355\" alt=\"\" srcset=\"https:\/\/ak-voelkerstrafrecht.org\/wp-content\/uploads\/2025\/12\/88-978-3-8487-5052-8.webp 270w, https:\/\/ak-voelkerstrafrecht.org\/wp-content\/uploads\/2025\/12\/88-978-3-8487-5052-8-203x300.webp 203w\" sizes=\"(max-width: 270px) 100vw, 270px\" \/><\/a><\/figure><div class=\"elementor-image-box-content\"><h3 class=\"elementor-image-box-title\"><a href=\"https:\/\/www.nomos-shop.de\/de\/p\/minderheitenschutz-im-voelkerstrafrecht-gr-978-3-8487-5052-8\" target=\"_blank\">2020: <br>Dr. Wenke Br\u00fcckner-Hauert<\/a><\/h3><p class=\"elementor-image-box-description\">Minderheitenschutz im V\u00f6lkerstrafrecht, <br>Nomos 2018<\/p><\/div><\/div>\t\t\t\t<\/div>\n\t\t\t\t<\/div>\n\t\t\t\t<div class=\"elementor-element elementor-element-ad22f2d elementor-position-left elementor-position-left elementor-vertical-align-middle elementor-vertical-align-top elementor-widget elementor-widget-image-box\" data-id=\"ad22f2d\" data-element_type=\"widget\" data-e-type=\"widget\" data-widget_type=\"image-box.default\">\n\t\t\t\t<div class=\"elementor-widget-container\">\n\t\t\t\t\t<div class=\"elementor-image-box-wrapper\"><figure class=\"elementor-image-box-img\"><a href=\"https:\/\/link.springer.com\/book\/10.1007\/978-94-6265-201-9\" target=\"_blank\" tabindex=\"-1\"><img loading=\"lazy\" decoding=\"async\" width=\"827\" height=\"1245\" src=\"https:\/\/ak-voelkerstrafrecht.org\/wp-content\/uploads\/2025\/12\/978-94-6265-201-9.webp\" class=\"attachment-full size-full wp-image-5356\" alt=\"\" srcset=\"https:\/\/ak-voelkerstrafrecht.org\/wp-content\/uploads\/2025\/12\/978-94-6265-201-9.webp 827w, https:\/\/ak-voelkerstrafrecht.org\/wp-content\/uploads\/2025\/12\/978-94-6265-201-9-199x300.webp 199w, https:\/\/ak-voelkerstrafrecht.org\/wp-content\/uploads\/2025\/12\/978-94-6265-201-9-680x1024.webp 680w, https:\/\/ak-voelkerstrafrecht.org\/wp-content\/uploads\/2025\/12\/978-94-6265-201-9-768x1156.webp 768w\" sizes=\"(max-width: 827px) 100vw, 827px\" \/><\/a><\/figure><div class=\"elementor-image-box-content\"><h3 class=\"elementor-image-box-title\"><a href=\"https:\/\/link.springer.com\/book\/10.1007\/978-94-6265-201-9\" target=\"_blank\">2018<br>Dr. Leonie Steinl, LL.M. (Columbia)<\/a><\/h3><p class=\"elementor-image-box-description\">Child Soldiers as Agents of War and Peace, <br>T.M.C. Asser Press, 2017<\/p><\/div><\/div>\t\t\t\t<\/div>\n\t\t\t\t<\/div>\n\t\t\t\t<div class=\"elementor-element elementor-element-db31245 elementor-position-left elementor-position-left elementor-vertical-align-middle elementor-vertical-align-top elementor-widget elementor-widget-image-box\" data-id=\"db31245\" data-element_type=\"widget\" data-e-type=\"widget\" data-widget_type=\"image-box.default\">\n\t\t\t\t<div class=\"elementor-widget-container\">\n\t\t\t\t\t<div class=\"elementor-image-box-wrapper\"><figure class=\"elementor-image-box-img\"><a href=\"https:\/\/www.duncker-humblot.de\/buch\/international-criminal-procedure-and-disclosure-9783428143436\/\" target=\"_blank\" tabindex=\"-1\"><img loading=\"lazy\" decoding=\"async\" width=\"350\" height=\"531\" src=\"https:\/\/ak-voelkerstrafrecht.org\/wp-content\/uploads\/2025\/12\/9783428143436.jpg\" class=\"attachment-full size-full wp-image-5342\" alt=\"\" srcset=\"https:\/\/ak-voelkerstrafrecht.org\/wp-content\/uploads\/2025\/12\/9783428143436.jpg 350w, https:\/\/ak-voelkerstrafrecht.org\/wp-content\/uploads\/2025\/12\/9783428143436-198x300.jpg 198w\" sizes=\"(max-width: 350px) 100vw, 350px\" \/><\/a><\/figure><div class=\"elementor-image-box-content\"><h3 class=\"elementor-image-box-title\"><a href=\"https:\/\/www.duncker-humblot.de\/buch\/international-criminal-procedure-and-disclosure-9783428143436\/\" target=\"_blank\">2016<br>Dr. Alexander Heinze<\/a><\/h3><p class=\"elementor-image-box-description\">International Criminal Procedure and Disclosure<br>Duncker &amp; Humblot, 2014<\/p><\/div><\/div>\t\t\t\t<\/div>\n\t\t\t\t<\/div>\n\t\t\t\t\t<\/div>\n\t\t<\/div>\n\t\t\t\t\t<\/div>\n\t\t<\/section>\n\t\t\t\t\t<\/div>\n\t\t<\/div>\n\t\t\t\t<div class=\"has_eae_slider elementor-column elementor-col-50 elementor-top-column elementor-element elementor-element-7b6d485\" data-eae-slider=\"6511\" data-id=\"7b6d485\" data-element_type=\"column\" data-e-type=\"column\">\n\t\t\t<div class=\"elementor-widget-wrap elementor-element-populated\">\n\t\t\t\t\t\t<section class=\"has_eae_slider elementor-section elementor-inner-section elementor-element elementor-element-c99ef2c elementor-section-boxed elementor-section-height-default elementor-section-height-default\" data-eae-slider=\"40790\" data-id=\"c99ef2c\" data-element_type=\"section\" data-e-type=\"section\" data-settings=\"{&quot;background_background&quot;:&quot;classic&quot;}\">\n\t\t\t\t\t\t<div class=\"elementor-container elementor-column-gap-default\">\n\t\t\t\t\t<div class=\"has_eae_slider elementor-column elementor-col-100 elementor-inner-column elementor-element elementor-element-cb140ef\" data-eae-slider=\"99146\" data-id=\"cb140ef\" data-element_type=\"column\" data-e-type=\"column\">\n\t\t\t<div class=\"elementor-widget-wrap elementor-element-populated\">\n\t\t\t\t\t\t<div class=\"elementor-element elementor-element-d4f56ba elementor-widget elementor-widget-image\" data-id=\"d4f56ba\" data-element_type=\"widget\" data-e-type=\"widget\" data-widget_type=\"image.default\">\n\t\t\t\t<div class=\"elementor-widget-container\">\n\t\t\t\t\t\t\t\t\t\t\t\t\t\t\t<img loading=\"lazy\" decoding=\"async\" width=\"560\" height=\"400\" src=\"https:\/\/ak-voelkerstrafrecht.org\/wp-content\/uploads\/2021\/03\/kempner.jpg\" class=\"attachment-large size-large wp-image-2245\" alt=\"\" srcset=\"https:\/\/ak-voelkerstrafrecht.org\/wp-content\/uploads\/2021\/03\/kempner.jpg 560w, https:\/\/ak-voelkerstrafrecht.org\/wp-content\/uploads\/2021\/03\/kempner-300x214.jpg 300w\" sizes=\"(max-width: 560px) 100vw, 560px\" \/>\t\t\t\t\t\t\t\t\t\t\t\t\t\t\t<\/div>\n\t\t\t\t<\/div>\n\t\t\t\t\t<\/div>\n\t\t<\/div>\n\t\t\t\t\t<\/div>\n\t\t<\/section>\n\t\t\t\t\t<\/div>\n\t\t<\/div>\n\t\t\t\t\t<\/div>\n\t\t<\/section>\n\t\t\t\t<\/div>","protected":false},"excerpt":{"rendered":"<p>Robert-Kempner-Preis Der Arbeitskreis verleiht den Robert-Kempner-Preis f\u00fcr herausragende Monografien auf dem Gebiet des V\u00f6lkerstrafrechts. Der Preis wird alle zwei Jahre vergeben und richtet sich an Wissenschaftlerinnen und Wissenschaftler, die zum Zeitpunkt der Ver\u00f6ffentlichung der pr\u00e4mierten Arbeit das f\u00fcnfunddrei\u00dfigste Lebensjahr noch nicht vollendet haben. Das Bewerbungsformular f\u00fcr die Verleihung im Jahr 2026 ist hier abrufbar. Die [&hellip;]<\/p>","protected":false},"author":1,"featured_media":0,"parent":0,"menu_order":0,"comment_status":"closed","ping_status":"closed","template":"","meta":{"_acf_changed":false,"footnotes":""},"class_list":["post-4876","page","type-page","status-publish","hentry"],"acf":[],"_links":{"self":[{"href":"https:\/\/ak-voelkerstrafrecht.org\/en\/wp-json\/wp\/v2\/pages\/4876","targetHints":{"allow":["GET"]}}],"collection":[{"href":"https:\/\/ak-voelkerstrafrecht.org\/en\/wp-json\/wp\/v2\/pages"}],"about":[{"href":"https:\/\/ak-voelkerstrafrecht.org\/en\/wp-json\/wp\/v2\/types\/page"}],"author":[{"embeddable":true,"href":"https:\/\/ak-voelkerstrafrecht.org\/en\/wp-json\/wp\/v2\/users\/1"}],"replies":[{"embeddable":true,"href":"https:\/\/ak-voelkerstrafrecht.org\/en\/wp-json\/wp\/v2\/comments?post=4876"}],"version-history":[{"count":73,"href":"https:\/\/ak-voelkerstrafrecht.org\/en\/wp-json\/wp\/v2\/pages\/4876\/revisions"}],"predecessor-version":[{"id":5647,"href":"https:\/\/ak-voelkerstrafrecht.org\/en\/wp-json\/wp\/v2\/pages\/4876\/revisions\/5647"}],"wp:attachment":[{"href":"https:\/\/ak-voelkerstrafrecht.org\/en\/wp-json\/wp\/v2\/media?parent=4876"}],"curies":[{"name":"wp","href":"https:\/\/api.w.org\/{rel}","templated":true}]}}