{"id":4878,"date":"2025-11-24T12:09:56","date_gmt":"2025-11-24T12:09:56","guid":{"rendered":"https:\/\/ak-voelkerstrafrecht.org\/?page_id=4878"},"modified":"2026-04-13T08:03:00","modified_gmt":"2026-04-13T08:03:00","slug":"sitzungen","status":"publish","type":"page","link":"https:\/\/ak-voelkerstrafrecht.org\/en\/sitzungen\/","title":{"rendered":"Meetings"},"content":{"rendered":"<div data-elementor-type=\"wp-page\" data-elementor-id=\"4878\" class=\"elementor elementor-4878\" data-elementor-post-type=\"page\">\n\t\t\t\t\t\t<section class=\"has_eae_slider elementor-section elementor-top-section elementor-element elementor-element-abb208e elementor-section-boxed elementor-section-height-default elementor-section-height-default\" data-eae-slider=\"44906\" data-id=\"abb208e\" data-element_type=\"section\" data-e-type=\"section\" data-settings=\"{&quot;background_background&quot;:&quot;classic&quot;}\">\n\t\t\t\t\t\t<div class=\"elementor-container elementor-column-gap-default\">\n\t\t\t\t\t<div class=\"has_eae_slider elementor-column elementor-col-50 elementor-top-column elementor-element elementor-element-4ed19d9\" data-eae-slider=\"53204\" data-id=\"4ed19d9\" data-element_type=\"column\" data-e-type=\"column\" data-settings=\"{&quot;background_background&quot;:&quot;classic&quot;}\">\n\t\t\t<div class=\"elementor-widget-wrap elementor-element-populated\">\n\t\t\t\t\t\t<section class=\"has_eae_slider elementor-section elementor-inner-section elementor-element elementor-element-2b9e4b9 elementor-section-full_width elementor-section-height-default elementor-section-height-default\" data-eae-slider=\"40591\" data-id=\"2b9e4b9\" data-element_type=\"section\" data-e-type=\"section\">\n\t\t\t\t\t\t<div class=\"elementor-container elementor-column-gap-default\">\n\t\t\t\t\t<div class=\"has_eae_slider elementor-column elementor-col-100 elementor-inner-column elementor-element elementor-element-93fb17e\" data-eae-slider=\"50833\" data-id=\"93fb17e\" data-element_type=\"column\" data-e-type=\"column\">\n\t\t\t<div class=\"elementor-widget-wrap elementor-element-populated\">\n\t\t\t\t\t\t<div class=\"elementor-element elementor-element-ab72e42 elementor-widget__width-auto elementor-widget elementor-widget-heading\" data-id=\"ab72e42\" data-element_type=\"widget\" data-e-type=\"widget\" data-widget_type=\"heading.default\">\n\t\t\t\t<div class=\"elementor-widget-container\">\n\t\t\t\t\t<h1 class=\"elementor-heading-title elementor-size-default\">Past meetings<\/h1>\t\t\t\t<\/div>\n\t\t\t\t<\/div>\n\t\t\t\t<div class=\"elementor-element elementor-element-82188d7 elementor-widget elementor-widget-text-editor\" data-id=\"82188d7\" data-element_type=\"widget\" data-e-type=\"widget\" data-widget_type=\"text-editor.default\">\n\t\t\t\t<div class=\"elementor-widget-container\">\n\t\t\t\t\t\t\t\t\t<p>The working group's meetings to date have been held in Bonn (2005), The Hague (2006, 2008, 2011, 2017, 2020, 2023), Berlin (2007, 2022), Lausanne (2009), Vienna (2010), Nuremberg (2012), Hamburg (2013), Bern (2015), G\u00f6ttingen (2016), Marburg (2018), Salzburg (2019),  online (2021), Basel (2024) and Karlsruhe (2025). Since 2008 selected contributions have been published in ZIS and ZflStW since 2022 respectively.\u00a0<\/p>\t\t\t\t\t\t\t\t<\/div>\n\t\t\t\t<\/div>\n\t\t\t\t<div class=\"elementor-element elementor-element-2f93605 elementor-widget elementor-widget-html\" data-id=\"2f93605\" data-element_type=\"widget\" data-e-type=\"widget\" data-widget_type=\"html.default\">\n\t\t\t\t<div class=\"elementor-widget-container\">\n\t\t\t\t\t<script>\nwindow.addEventListener('load', function() {\n    setTimeout(function() {\n        const activeTitle = document.querySelector('.elementor-accordion .elementor-tab-title.elementor-active');\n        const activeContent = document.querySelector('.elementor-accordion .elementor-tab-content');\n        \n        if (activeTitle) {\n            activeTitle.classList.remove('elementor-active');\n        }\n        \n        if (activeContent) {\n            activeContent.style.display = 'none';\n        }\n    }, 100);\n});\n<\/script>\t\t\t\t<\/div>\n\t\t\t\t<\/div>\n\t\t\t\t<div class=\"elementor-element elementor-element-a01e6d6 elementor-widget elementor-widget-accordion\" data-id=\"a01e6d6\" data-element_type=\"widget\" data-e-type=\"widget\" data-widget_type=\"accordion.default\">\n\t\t\t\t<div class=\"elementor-widget-container\">\n\t\t\t\t\t\t\t<div class=\"elementor-accordion\">\n\t\t\t\t\t\t\t<div class=\"elementor-accordion-item\">\n\t\t\t\t\t<div id=\"elementor-tab-title-1671\" class=\"elementor-tab-title\" data-tab=\"1\" role=\"button\" aria-controls=\"elementor-tab-content-1671\" aria-expanded=\"false\">\n\t\t\t\t\t\t\t\t\t\t\t\t\t<span class=\"elementor-accordion-icon elementor-accordion-icon-left\" aria-hidden=\"true\">\n\t\t\t\t\t\t\t\t\t\t\t\t\t\t\t<span class=\"elementor-accordion-icon-closed\"><i class=\"fas fa-plus\"><\/i><\/span>\n\t\t\t\t\t\t\t\t<span class=\"elementor-accordion-icon-opened\"><i class=\"fas fa-minus\"><\/i><\/span>\n\t\t\t\t\t\t\t\t\t\t\t\t\t\t<\/span>\n\t\t\t\t\t\t\t\t\t\t\t\t<a class=\"elementor-accordion-title\" tabindex=\"0\">2025 in Karlsruhe<\/a>\n\t\t\t\t\t<\/div>\n\t\t\t\t\t<div id=\"elementor-tab-content-1671\" class=\"elementor-tab-content elementor-clearfix\" data-tab=\"1\" role=\"region\" aria-labelledby=\"elementor-tab-title-1671\"><h5><strong>Tagesordnung der zwanzigsten Sitzung des Arbeitskreises V\u00f6lkerstrafrecht am 9. und 10. Mai 2025 in Karlsruhe <\/strong><\/h5><p><strong>Freitag, 9. Mai 2025 | Der Generalbundesanwalt<\/strong><\/p><p>10.00 Uhr F\u00fchrung durch das Bundesverfassungsgericht<\/p><p>Ab 13.00 Uhr Einlass\/Sicherheitskontrolle<\/p><p>14.00 Uhr Begr\u00fc\u00dfung Jens Rommel, Karlsruhe; Florian Je\u00dfberger, Berlin<\/p><p>14.15 Uhr <strong>V\u00f6lkerstrafrechtspolitik:<\/strong> Sanktionen gegen den IStGH, Review der KampalaAmendments, Ukraine-Sondertribunal (Chair: Christoph Safferling, N\u00fcrnberg) Franz Perrez, Bern, Wiebke R\u00fcckert, Berlin, Gregor Schusterschitz, Wien<\/p><p>16.30 Uhr <strong>Zeugenschutz in V\u00f6lkerstrafverfahren<\/strong> (Chair: Christian Ritscher, Karlsruhe) Wolfgang Flick, Meckenheim; Stefanie Bock, Marburg; Philipp Ambach, Den Haag<\/p><p><strong>Samstag, 10. Mai 2025 | Der Generalbundesanwalt<\/strong><\/p><p>Ab 8.30 Uhr Einlass\/Sicherheitskontrolle<\/p><p>9.30 Uhr <strong>The ICC Under Attack<\/strong> (Chair: Astrid Reisinger-Coracini, Salzburg) Osvaldo Zavala Giler, Den Haag<\/p><p>11.00 Uhr <strong>Berichte aus der Praxis<\/strong> (Chair: Julia Geneuss, Potsdam) Stephanie Egerer-Uhrig, Duscha Gmel, Jasper Klinge, Karlsruhe J\u00fcrgen Sch\u00e4fer, Karlsruhe Sabrina Beyeler, Andreas M\u00fcller, Bern Christine G\u00f6dl, Wien<\/p><p>12.30 Uhr <strong>2005-2015-2025: 20 Jahre V\u00f6lkerstrafrecht, 20 Jahre Arbeitskreis<\/strong> Florian Je\u00dfberger, Berlin\u00a0<\/p><\/div>\n\t\t\t\t<\/div>\n\t\t\t\t\t\t\t<div class=\"elementor-accordion-item\">\n\t\t\t\t\t<div id=\"elementor-tab-title-1672\" class=\"elementor-tab-title\" data-tab=\"2\" role=\"button\" aria-controls=\"elementor-tab-content-1672\" aria-expanded=\"false\">\n\t\t\t\t\t\t\t\t\t\t\t\t\t<span class=\"elementor-accordion-icon elementor-accordion-icon-left\" aria-hidden=\"true\">\n\t\t\t\t\t\t\t\t\t\t\t\t\t\t\t<span class=\"elementor-accordion-icon-closed\"><i class=\"fas fa-plus\"><\/i><\/span>\n\t\t\t\t\t\t\t\t<span class=\"elementor-accordion-icon-opened\"><i class=\"fas fa-minus\"><\/i><\/span>\n\t\t\t\t\t\t\t\t\t\t\t\t\t\t<\/span>\n\t\t\t\t\t\t\t\t\t\t\t\t<a class=\"elementor-accordion-title\" tabindex=\"0\">2024 in Basel<\/a>\n\t\t\t\t\t<\/div>\n\t\t\t\t\t<div id=\"elementor-tab-content-1672\" class=\"elementor-tab-content elementor-clearfix\" data-tab=\"2\" role=\"region\" aria-labelledby=\"elementor-tab-title-1672\"><h5>Tagesordnung der neunzehnten Sitzung des Arbeitskreises V\u00f6lkerstrafrecht am 3. und 4. Mai 2024 in Basel<\/h5><p><strong>Freitag, 3. Mai 2024 | Alte Universit\u00e4t<\/strong><\/p><p>14.00 Uhr Begr\u00fc\u00dfung Florian Je\u00dfberger, Berlin; Anna Petrig &amp; Alberto Fabbri, Basel<\/p><p>14.15 Uhr <strong>Erg\u00e4nzung, Vervollst\u00e4ndigung, (Wieder-)Aufbau: Zur Rolle hybrider Strafgerichte bei der Verfolgung von V\u00f6lkerstraftaten<\/strong> (Chair: Julia Geneuss, Bremen) Philipp Ambach, Den Haag; Volker Nerlich, Den Haag; Robert Roth, Genf<\/p><p>16.15 Uhr <strong>V\u00f6lkerstrafrechtspolitik<\/strong> (Chair: Stefan Oeter, Hamburg) Wiebke R\u00fcckert, Berlin; Konrad B\u00fchler, Wien; Franz Perrez, Bern<\/p><p>17.30 Uhr <strong>Nationale Strafverfolgung von V\u00f6lkerrechtsverbrechen: eine Schweizer Perspektive<\/strong> (Chair: Anna Petrig, Basel) Stefan Bl\u00e4ttler, Bern<\/p><p>18.00 Uhr Ap\u00e9ro mit Grusswort Basler Regierungsrat Lukas Engelberger und Verleihung des Robert Kempner-Preises (Laudatio: Astrid Reisinger Coracini, Wien)<\/p><p><strong>Samstag, 4. Mai 2024 | Alte Universit\u00e4t<\/strong><\/p><p>09.30 Uhr <strong>Berichte aus der Praxis I<\/strong> (Chair: Christian Ritscher, Bagdad) Internationaler Strafgerichtshof: Michaela Wagner, Den Haag Kosovo Specialist Chambers: Manon Simon, Den Haag Special Criminal Court in the Central African Republic: Stefan Waespi, Bangui<\/p><p>11.00 Uhr <strong>White Collar War Criminals<\/strong> (Chair: Florian Je\u00dfberger, Berlin) Andrew Clapham, Genf<\/p><p>11.30 Uhr <strong>Berichte aus der Praxis II<\/strong> (Chair: Hans Vest, Bern) Schweiz: Andreas M\u00fcller (BA), Bern; Stefan Heimgartner (BStGer), Bellinzona Deutschland: Duscha Gmel (GBA), Karlsruhe; Ute Hohoff (BGH), Karlsruhe<\/p><p>ca. 13.00 Uhr Verabschiedung Sabine Gless, Basel; Florian Je\u00dfberger, Berlin<\/p><p>Die <b>ver\u00f6ffentlichten Beitr\u00e4ge<\/b> finden Sie\u00a0<a href=\"https:\/\/www.zfistw.de\/index.php?sektion=2&amp;language=ger\" target=\"_blank\" rel=\"noopener\">here<\/a>\u00a0in der <strong>Ausgabe 05\/2024<\/strong>.<\/p><\/div>\n\t\t\t\t<\/div>\n\t\t\t\t\t\t\t<div class=\"elementor-accordion-item\">\n\t\t\t\t\t<div id=\"elementor-tab-title-1673\" class=\"elementor-tab-title\" data-tab=\"3\" role=\"button\" aria-controls=\"elementor-tab-content-1673\" aria-expanded=\"false\">\n\t\t\t\t\t\t\t\t\t\t\t\t\t<span class=\"elementor-accordion-icon elementor-accordion-icon-left\" aria-hidden=\"true\">\n\t\t\t\t\t\t\t\t\t\t\t\t\t\t\t<span class=\"elementor-accordion-icon-closed\"><i class=\"fas fa-plus\"><\/i><\/span>\n\t\t\t\t\t\t\t\t<span class=\"elementor-accordion-icon-opened\"><i class=\"fas fa-minus\"><\/i><\/span>\n\t\t\t\t\t\t\t\t\t\t\t\t\t\t<\/span>\n\t\t\t\t\t\t\t\t\t\t\t\t<a class=\"elementor-accordion-title\" tabindex=\"0\">2023 in Den Haag<\/a>\n\t\t\t\t\t<\/div>\n\t\t\t\t\t<div id=\"elementor-tab-content-1673\" class=\"elementor-tab-content elementor-clearfix\" data-tab=\"3\" role=\"region\" aria-labelledby=\"elementor-tab-title-1673\"><h5>Tagesordnung der achtzehnten Sitzung des Arbeitskreises V\u00f6lkerstrafrecht am 12. und 13. Mai 2023 in Den Haag<\/h5><p>14.00 Uhr Begr\u00fc\u00dfung <br \/>Florian Je\u00dfberger, Berlin; Philipp Ambach, Den Haag; Carsten Stahn, Leiden<\/p><p><strong>Challenges for Coordination and Cooperation of National Prosecutions<\/strong> Matevz Pezdirc, Den Haag<\/p><p><strong>(Digitale) Beweismittel: Erhebung, Sicherung, Verfahren<\/strong> (Chair: Alberto Fabbri, Bellinzona) Input: Robert Heinsch, Den Haag Kommentare: Leonie von Braun, Den Haag; Andreas Sch\u00fcller, Berlin<\/p><p>17:00 Uhr <strong>Angriffskrieg gegen die Ukraine: Zur Schaffung eines Sonderstrafgerichtshofes<\/strong> (Chair: Astrid Reisinger-Coracini, Wien) Input: Christian Wenaweser, Liechtenstein Kommentar: Stefan Oeter, Hamburg<\/p><p>19.00 Uhr Empfang in der Residenz des Botschafters\u00a0<\/p><p><strong>Samstag, 13. Mai 2023 \u2013 H\u00f6rsaal 3.46<\/strong><\/p><p>10.00 Uhr <strong>Berichte aus der Praxis<\/strong> (Chair: Christian Ritscher, Bagdad) IStGH: Eleni Chaitidou, Den Haag KSC: Simon Meisenberg, Den Haag Deutschland: Stephanie Egerer-Uhrig, Duscha Gmel &amp; Hannes Meyer-Wieck, Karlsruhe \u00d6sterreich: Christine G\u00f6dl, Wien Ukraine: Klaus Hoffmann, Freiburg i.Br.\/Kiev<\/p><p>11:45 Uhr <strong>Warum strafen? Zum Sinn der Bestrafung von V\u00f6lkerrechtsverbrechen<\/strong> (Chair: Franziska Eckelmans, Den Haag) Input: Carsten Stahn, Leiden Kommentar: Bertram Schmitt, Den Haag<\/p><p>Die <b>ver\u00f6ffentlichten Beitr\u00e4ge<\/b> finden Sie\u00a0<a href=\"https:\/\/www.zfistw.de\/index.php?sektion=2&amp;language=ger\" target=\"_blank\" rel=\"noopener\">here<\/a>\u00a0in der <strong>Ausgabe 01\/2024<\/strong>.<\/p><\/div>\n\t\t\t\t<\/div>\n\t\t\t\t\t\t\t<div class=\"elementor-accordion-item\">\n\t\t\t\t\t<div id=\"elementor-tab-title-1674\" class=\"elementor-tab-title\" data-tab=\"4\" role=\"button\" aria-controls=\"elementor-tab-content-1674\" aria-expanded=\"false\">\n\t\t\t\t\t\t\t\t\t\t\t\t\t<span class=\"elementor-accordion-icon elementor-accordion-icon-left\" aria-hidden=\"true\">\n\t\t\t\t\t\t\t\t\t\t\t\t\t\t\t<span class=\"elementor-accordion-icon-closed\"><i class=\"fas fa-plus\"><\/i><\/span>\n\t\t\t\t\t\t\t\t<span class=\"elementor-accordion-icon-opened\"><i class=\"fas fa-minus\"><\/i><\/span>\n\t\t\t\t\t\t\t\t\t\t\t\t\t\t<\/span>\n\t\t\t\t\t\t\t\t\t\t\t\t<a class=\"elementor-accordion-title\" tabindex=\"0\">2022 in Berlin<\/a>\n\t\t\t\t\t<\/div>\n\t\t\t\t\t<div id=\"elementor-tab-content-1674\" class=\"elementor-tab-content elementor-clearfix\" data-tab=\"4\" role=\"region\" aria-labelledby=\"elementor-tab-title-1674\"><h5>Tagesordnung der siebzehnten Sitzung des Arbeitskreises V\u00f6lkerstrafrecht am 6. und 7. Mai 2022 in Berlin<\/h5><p><strong>Freitag, 6. Mai 2022 \u2013 Senatssaal, Humboldt-Universit\u00e4t zu Berlin<\/strong><\/p><p>14.00 Uhr Begr\u00fc\u00dfung<\/p><p>14.15 Uhr <strong>Krieg in Europa und das V\u00f6lkerstrafrecht<\/strong> (Moderation: Stefan Oeter, Hamburg) Impulse von Annegret Hartig, Berlin; Claus Kre\u00df, K\u00f6ln; Astrid Reisiger-Coracini, Wien; Christian Tomuschat, Berlin<\/p><p>16.00 Uhr Aussprache<\/p><p>17.00 Uhr <strong>Berichte aus der Praxis I<\/strong> Die neuere Judikatur des Internationalen Strafgerichtshofes \u2013 Eleni Chaitidou, Den Haag<\/p><p>17.30 Uhr <strong>Verleihung der Robert Kempner-Preise 2020 und 2022<\/strong> Laudationes: Florian Je\u00dfberger, Berlin; Michael Kratz, Berlin<\/p><p><strong>Samstag, 7. Mai 2022 \u2013 Senatssaal, Humboldt-Universit\u00e4t zu Berlin<\/strong><\/p><p>9.00 Uhr <strong>International Criminal Law and the Global South<\/strong> (Moderation: Leonie Steinl, Berlin) Michelle Burgis-Kasthala, Edinburgh<\/p><p>10.00 Uhr <strong>Berichte aus der Praxis II<\/strong> (Moderation: Christian Ritscher, Bagdad) Der Sonderstrafgerichtshof der Zentralafrikanischen Republik \u2013 Volker Nerlich und Stefan Waespi, Bangui<\/p><p>10.50 Uhr <strong>Berichte aus der Praxis III<\/strong> (Moderation: Christian Ritscher, Bagdad) Neuere Entwicklungen in Deutschland, \u00d6sterreich und der Schweiz \u2013 Stephanie EgererUhrig, Karlsruhe; Christine G\u00f6dl, Wien; Andreas M\u00fcller, Bern<\/p><p>12.00 Uhr <strong>Epilog\/Prolog: Zur deutschen V\u00f6lkerstrafrechtspolitik<\/strong> Impuls von Florian Je\u00dfberger, Berlin<\/p><p>ca. 12.30 Uhr Ende der Sitzung im Anschluss \u00a0F\u00fchrung durch das Kammergericht<\/p><p>Die <b>ver\u00f6ffentlichten Beitr\u00e4ge<\/b> finden Sie\u00a0<a href=\"https:\/\/www.zfistw.de\/index.php?sektion=2&amp;language=ger\" target=\"_blank\" rel=\"noopener\">here<\/a>\u00a0in der <strong>Ausgabe 12\/2022<\/strong>.<\/p><\/div>\n\t\t\t\t<\/div>\n\t\t\t\t\t\t\t<div class=\"elementor-accordion-item\">\n\t\t\t\t\t<div id=\"elementor-tab-title-1675\" class=\"elementor-tab-title\" data-tab=\"5\" role=\"button\" aria-controls=\"elementor-tab-content-1675\" aria-expanded=\"false\">\n\t\t\t\t\t\t\t\t\t\t\t\t\t<span class=\"elementor-accordion-icon elementor-accordion-icon-left\" aria-hidden=\"true\">\n\t\t\t\t\t\t\t\t\t\t\t\t\t\t\t<span class=\"elementor-accordion-icon-closed\"><i class=\"fas fa-plus\"><\/i><\/span>\n\t\t\t\t\t\t\t\t<span class=\"elementor-accordion-icon-opened\"><i class=\"fas fa-minus\"><\/i><\/span>\n\t\t\t\t\t\t\t\t\t\t\t\t\t\t<\/span>\n\t\t\t\t\t\t\t\t\t\t\t\t<a class=\"elementor-accordion-title\" tabindex=\"0\">2021 Workshops (online)<\/a>\n\t\t\t\t\t<\/div>\n\t\t\t\t\t<div id=\"elementor-tab-content-1675\" class=\"elementor-tab-content elementor-clearfix\" data-tab=\"5\" role=\"region\" aria-labelledby=\"elementor-tab-title-1675\"><h5>Arbeitskreis V\u00f6lkerstrafrecht Online-Workshops 2021 Freitag, 11. Juni 2021,Beginn: 14 Uhr c.t.<\/h5><p><strong>Workshop 1<\/strong><\/p><p>Immunit\u00e4t nach BGH 3 StR 564\/19 \u2013 Wie geht es weiter? Dass der Grundsatz funktioneller Immunit\u00e4t der Verfolgung ausl\u00e4ndischer Hoheitstr\u00e4ger wegen V\u00f6lkerrechtsverbrechen durch die ausl\u00e4ndische Strafjustiz nicht entgegensteht, geh\u00f6rt zu den jahrzehntelang unbestrittenen Fundamenten des V\u00f6lkerstrafrechts. Die kontroverse Diskussion der Frage in der V\u00f6lkerrechtskommission und im 6th Committee hat diese Gewissheit ersch\u00fcttert. J\u00fcngst hat der 3. Strafsenat nun die Geltung der Immunit\u00e4tsausnahme und damit die bisherige Praxis der deutschen Strafjustiz in einem ausf\u00fchrlich begr\u00fcndeten Urteil best\u00e4tigt. Die Bundesregierung hat sich in dieser Debatte bislang nicht eindeutig positioniert und sieht sich zu einer \u201eabschlie\u00dfenden Bewertung\u201c vor der vollst\u00e4ndigen Beendigung der Beratungen der V\u00f6lkerrechtskommission nicht in der Lage.<br \/><strong>Impuls: Stefan Oeter, Hamburg <\/strong><br \/><strong>Moderation: Aziz Epik, Berlin<\/strong>\u00a0<\/p><p><strong>Workshop 2<\/strong><\/p><p>Sexualisierte und geschlechtsspezifische Gewalt im V\u00f6lkerstrafrecht \u2013 Praxis und Reformbedarf Eine wachsende Zahl von V\u00f6lkerstrafverfahren in Deutschland betrifft Vorw\u00fcrfe sexualisierter und geschlechtsspezifischer Gewalt. Die entsprechenden Tatbest\u00e4nde des VStGB orientieren sich zwar am IStGH-Statut und sind unter Ber\u00fccksichtigung der Spruchpraxis des IStGH auszulegen. Jedoch weichen die Tatbest\u00e4nde zugleich in zentralen Aspekten vom Statut ab und nehmen teilweise Bezug auf das deutsche Sexualstrafrecht. Dies stellt Rechtsanwender*innen auch vor dem Hintergrund der deutschen Sexualstrafrechtsreform von 2016 vor Herausforderungen und wirft die Frage nach Reformbedarf im VStGB auf. <br \/><strong>Impuls und Moderation: Leonie Steinl &amp; Tanja Altunjan, Berlin<\/strong>\u00a0<\/p><p><strong>Workshop 3 <\/strong><\/p><p>Umwelt- und Klimav\u00f6lkerstrafrecht: Rechtliche Grundlagen und aktuelle Entwicklungen Umwelt und Klima geraten zunehmend in den Fokus des V\u00f6lkerstrafrechts, wie nicht zuletzt die aktuellen Diskussionen um die Schaffung neuer Straftatbest\u00e4nde des \u201e\u00d6kozids\u201c und die Erfassung von Umweltstraftaten als Kriegs- und Menschlichkeitsverbrechen zeigen. Mit den Richtlinien des IKRK hat der Schutz der Umwelt in bewaffneten Konflikten neue Impulse erhalten.<br \/><strong>Impuls: Natascha Kersting, Cambridge <\/strong><br \/><strong>Moderation: Florian Je\u00dfberger,Berlin<\/strong>\u00a0<\/p><\/div>\n\t\t\t\t<\/div>\n\t\t\t\t\t\t\t<div class=\"elementor-accordion-item\">\n\t\t\t\t\t<div id=\"elementor-tab-title-1676\" class=\"elementor-tab-title\" data-tab=\"6\" role=\"button\" aria-controls=\"elementor-tab-content-1676\" aria-expanded=\"false\">\n\t\t\t\t\t\t\t\t\t\t\t\t\t<span class=\"elementor-accordion-icon elementor-accordion-icon-left\" aria-hidden=\"true\">\n\t\t\t\t\t\t\t\t\t\t\t\t\t\t\t<span class=\"elementor-accordion-icon-closed\"><i class=\"fas fa-plus\"><\/i><\/span>\n\t\t\t\t\t\t\t\t<span class=\"elementor-accordion-icon-opened\"><i class=\"fas fa-minus\"><\/i><\/span>\n\t\t\t\t\t\t\t\t\t\t\t\t\t\t<\/span>\n\t\t\t\t\t\t\t\t\t\t\t\t<a class=\"elementor-accordion-title\" tabindex=\"0\">2020 in Den Haag (online)<\/a>\n\t\t\t\t\t<\/div>\n\t\t\t\t\t<div id=\"elementor-tab-content-1676\" class=\"elementor-tab-content elementor-clearfix\" data-tab=\"6\" role=\"region\" aria-labelledby=\"elementor-tab-title-1676\"><h5>Arbeitskreis V\u00f6lkerstrafrecht online am 5. Juni 2020<\/h5><p>14.00 Uhr <br \/>Begr\u00fc\u00dfung Florian Je\u00dfberger, Berlin &amp; Fidelma Donlon, Den Haag<\/p><p><strong>Recent Developments: a View from the KSC-SPO<\/strong> Ekaterina Trendafilova, Den Haag<\/p><p><strong>Praxisberichte | Schlaglichter<\/strong> The Gambia v. Myanmar vor dem IGH \u2013 Cristina Ho\u00df, Den Haag Kriegsverbrechen im Jemen, Waffenh\u00e4ndler in Europa und das Wirtschaftsv\u00f6lkerstrafrecht: Die Strafanzeige zum IStGH vom 11. Dezember 2019 \u2013 Miriam Saage-Maa\u00df, Berlin<\/p><p>15.30 Uhr<br \/><strong>Das hybride Prozesssystem des IStGH: Fluch oder Segen?<\/strong> Bertram Schmitt, Den Haag COVID-19 und die (V\u00f6lker-) Strafrechtspflege \u2013 Erfahrungsaustausch mit Impulsen u.a. von Volker Nerlich, Den Haag<\/p><p>Die <b>ver\u00f6ffentlichten Beitr\u00e4ge<\/b> finden Sie\u00a0<a href=\"https:\/\/www.zis-online.com\/index.php?sektion=2&amp;language=ger\" target=\"_blank\" rel=\"noopener\">here<\/a>\u00a0in der<strong> Ausgabe 12\/2020<\/strong>.<\/p><\/div>\n\t\t\t\t<\/div>\n\t\t\t\t\t\t\t<div class=\"elementor-accordion-item\">\n\t\t\t\t\t<div id=\"elementor-tab-title-1677\" class=\"elementor-tab-title\" data-tab=\"7\" role=\"button\" aria-controls=\"elementor-tab-content-1677\" aria-expanded=\"false\">\n\t\t\t\t\t\t\t\t\t\t\t\t\t<span class=\"elementor-accordion-icon elementor-accordion-icon-left\" aria-hidden=\"true\">\n\t\t\t\t\t\t\t\t\t\t\t\t\t\t\t<span class=\"elementor-accordion-icon-closed\"><i class=\"fas fa-plus\"><\/i><\/span>\n\t\t\t\t\t\t\t\t<span class=\"elementor-accordion-icon-opened\"><i class=\"fas fa-minus\"><\/i><\/span>\n\t\t\t\t\t\t\t\t\t\t\t\t\t\t<\/span>\n\t\t\t\t\t\t\t\t\t\t\t\t<a class=\"elementor-accordion-title\" tabindex=\"0\">2019 in Salzburg<\/a>\n\t\t\t\t\t<\/div>\n\t\t\t\t\t<div id=\"elementor-tab-content-1677\" class=\"elementor-tab-content elementor-clearfix\" data-tab=\"7\" role=\"region\" aria-labelledby=\"elementor-tab-title-1677\"><h5>Tagesordnung der f\u00fcnfzehnten Sitzung des Arbeitskreises V\u00f6lkerstrafrecht am 10. und 11. Mai 2019 in Salzburg<\/h5><p>14.00 Uhr<br \/>Begr\u00fc\u00dfung Kurt Schmoller, Salzburg &amp; Florian Je\u00dfberger, Hamburg<\/p><p>14.15 Uhr <strong>Das V\u00f6lkerstrafrecht in der Rechtsprechung des Bundesgerichtshofes<\/strong> (Moderation: Florian Je\u00dfberger, Hamburg) Frank Tiemann, Karlsruhe Aussprache<\/p><p>16.00 Uhr <strong>Berichte aus der Praxis<\/strong> (Moderation: Christoph Fl\u00fcgge, Den Haag\/Berlin) Die neuere Judikatur des Internationalen Strafgerichtshofes \u2013 Eleni Chaitidou, Den Haag<br \/>Aussprache<br \/>Aktuelle Entwicklungen in \u00d6sterreich \u2013 Christine G\u00f6dl, Wien Aus der Praxis des Generalbundesanwalts \u2013 Christian Ritscher, Karlsruhe Zur Praxis in der Schweiz \u2013 N.N.<\/p><p>18.00 Uhr Was ist geblieben von der Euphorie der 1990er Jahre? \u2013 Zwischenruf eines Austragsbauern Peter Wilkitzki, Berlin<\/p><p><strong>Samstag, 11. Mai 2019 \u2013 Europasaal, Edmundsburg, Paris-Lodron-Universit\u00e4t<\/strong><\/p><p>9.00 Uhr\u00a0 Menschlichkeitsverbrechen, Immunit\u00e4t, Gewohnheitsrecht \u2013 V\u00f6lkerstrafrecht und die VN-V\u00f6lkerrechtskommission (Moderation: Gerhard Hafner, Wien) Kirsten Schmalenbach, Salzburg Claus Kre\u00df, K\u00f6ln Stefan Oeter, Hamburg<\/p><p>11.00 Uhr Aussprache<\/p><p>12.00 Uhr Verabschiedung Astrid Reisinger Coracini, Salzburg\/Wien &amp; Florian Je\u00dfberger, Hamburg<\/p><p>Die <b>ver\u00f6ffentlichten Beitr\u00e4ge<\/b> finden Sie\u00a0<a href=\"https:\/\/www.zis-online.com\/index.php?sektion=2&amp;language=ger\" target=\"_blank\" rel=\"noopener\">here<\/a>\u00a0in der <strong>Ausgabe 12\/2019<\/strong>.<\/p><\/div>\n\t\t\t\t<\/div>\n\t\t\t\t\t\t\t<div class=\"elementor-accordion-item\">\n\t\t\t\t\t<div id=\"elementor-tab-title-1678\" class=\"elementor-tab-title\" data-tab=\"8\" role=\"button\" aria-controls=\"elementor-tab-content-1678\" aria-expanded=\"false\">\n\t\t\t\t\t\t\t\t\t\t\t\t\t<span class=\"elementor-accordion-icon elementor-accordion-icon-left\" aria-hidden=\"true\">\n\t\t\t\t\t\t\t\t\t\t\t\t\t\t\t<span class=\"elementor-accordion-icon-closed\"><i class=\"fas fa-plus\"><\/i><\/span>\n\t\t\t\t\t\t\t\t<span class=\"elementor-accordion-icon-opened\"><i class=\"fas fa-minus\"><\/i><\/span>\n\t\t\t\t\t\t\t\t\t\t\t\t\t\t<\/span>\n\t\t\t\t\t\t\t\t\t\t\t\t<a class=\"elementor-accordion-title\" tabindex=\"0\">2018 in Marburg<\/a>\n\t\t\t\t\t<\/div>\n\t\t\t\t\t<div id=\"elementor-tab-content-1678\" class=\"elementor-tab-content elementor-clearfix\" data-tab=\"8\" role=\"region\" aria-labelledby=\"elementor-tab-title-1678\"><h5>Tagesordnung der vierzehnten Sitzung des Arbeitskreises V\u00f6lkerstrafrecht am 7. und 8. Juni 2018 in Marburg<\/h5><p><strong>Freitag, 7. Juni 2018 \u2013 Alte Aula, Philipps-Universit\u00e4t<\/strong><\/p><p>14.00 Uhr Begr\u00fc\u00dfung <br \/>Stefanie Bock, Marburg &amp; Florian Je\u00dfberger, Hamburg<\/p><p><strong>Berichte aus der Praxis \/ aktuelle Entwicklungen &#8211; international<\/strong> <br \/>Die neuere Judikatur des Internationalen Strafgerichtshofes \u2013 Eleni Chaitidou, Den Haag Zur Aktivierung der Gerichtsbarkeit des IStGH \u00fcber das Verbrechen der Aggression: R\u00fcckblick auf die ASP und Ausblick \u2013 Konrad B\u00fchler, Salzburg &amp; Astrid Reisinger-Coracini, Salzburg (tbc)<\/p><p>Aussprache<\/p><p>16.00 Uhr <strong>Im luftleeren Raum? V\u00f6lkerstrafrecht im Kontext von Konflikt und Transformation<\/strong> Thomas Bonacker, Marburg Elisabeth Baumgartner, Bern Kai Ambos, G\u00f6ttingen Aussprache<\/p><p>18.00 Uhr Verleihung des Robert-Kempner-Preises\u00a0<\/p><p><strong>Samstag, 8. Juni 2018 \u2013 H\u00f6rsaal, Philipps-Universit\u00e4t<\/strong><\/p><p>9.30 Uhr <strong>Berichte aus der Praxis \/ aktuelle Entwicklungen &#8211; national<\/strong> Aus der Praxis des Generalbundesanwalts \u2013 Christian Ritscher, Karlsruhe Aktuelle Entwicklungen Schweiz? Aktuelle Entwicklungen \u00d6sterreich?<\/p><p>11.00 Uhr <strong>V\u00f6lkerstrafrecht in h\u00f6chstrichterlicher Perspektive<\/strong> Frank Tiemann, Karlsruhe Aussprache\u00a0<\/p><p>12.45 Uhr <strong>Verabschiedung<\/strong> Stefanie Bock, Marburg &amp; Florian Je\u00dfberger, Hamburg<\/p><p>Die <b>ver\u00f6ffentlichten Beitr\u00e4ge<\/b> finden Sie\u00a0<a href=\"https:\/\/www.zis-online.com\/index.php?sektion=2&amp;language=ger\" target=\"_blank\" rel=\"noopener\">here<\/a>\u00a0in der <strong>Ausgabe 12\/2018<\/strong>.<\/p><\/div>\n\t\t\t\t<\/div>\n\t\t\t\t\t\t\t<div class=\"elementor-accordion-item\">\n\t\t\t\t\t<div id=\"elementor-tab-title-1679\" class=\"elementor-tab-title\" data-tab=\"9\" role=\"button\" aria-controls=\"elementor-tab-content-1679\" aria-expanded=\"false\">\n\t\t\t\t\t\t\t\t\t\t\t\t\t<span class=\"elementor-accordion-icon elementor-accordion-icon-left\" aria-hidden=\"true\">\n\t\t\t\t\t\t\t\t\t\t\t\t\t\t\t<span class=\"elementor-accordion-icon-closed\"><i class=\"fas fa-plus\"><\/i><\/span>\n\t\t\t\t\t\t\t\t<span class=\"elementor-accordion-icon-opened\"><i class=\"fas fa-minus\"><\/i><\/span>\n\t\t\t\t\t\t\t\t\t\t\t\t\t\t<\/span>\n\t\t\t\t\t\t\t\t\t\t\t\t<a class=\"elementor-accordion-title\" tabindex=\"0\">2017 in Den Haag<\/a>\n\t\t\t\t\t<\/div>\n\t\t\t\t\t<div id=\"elementor-tab-content-1679\" class=\"elementor-tab-content elementor-clearfix\" data-tab=\"9\" role=\"region\" aria-labelledby=\"elementor-tab-title-1679\"><h5>Tagesordnung der dreizehnten Sitzung des Arbeitskreises V\u00f6lkerstrafrecht am 12. und 13. Mai 2017 in Den Haag<\/h5><p><strong>Freitag, 12. Mai 2017 \u2013 The Hague Institute for Global Justice<\/strong><\/p><p>14.00 Uhr Begr\u00fc\u00dfung Christoph Fl\u00fcgge, Den Haag &amp; Florian Je\u00dfberger, Hamburg<\/p><p>14.15 Uhr <strong>Between fragmentation and legal pluralism<\/strong> \u2013Moderation: Volker Nerlich, Den Haag The construction of custom and cross-referencing in international criminal law \u2013 Larissa van den Herik, Leiden Aussprache\u00a0<\/p><p>16.00 Uhr <strong>Berichte aus der Praxis \u2013<\/strong> Moderation: Christoph Henrichs, Berlin Die neuere Judikatur des Internationalen Strafgerichtshofes \u2013 Eleni Chaitidou, Den Haag Die Specialist Chambers im Kosovo: Sachstandsbericht \u2013 Simon Meisenberg, Den Haag Aus der Praxis des Generalbundesanwalts \u2013 Lars B\u00fcngener, Karlsruhe Beweissammlung und -sicherung (Syrien) durch das Bundeskriminalamt \u2013 Klaus Zorn, Wiesbaden\u00a0<\/p><p>17.30 Uhr <strong>Zur Sp\u00e4tverfolgung von NS-Verbrechen: Die Strafsache Gr\u00f6ning vor dem Bundesgerichtshof<\/strong> Boris Burghardt, Hamburg\/Berlin Aussprache\u00a0<\/p><p>19.00 Uhr <strong>Empfang<\/strong>, Residenz des deutschen Botschafters<\/p><p><strong>Samstag, 13. Mai 2017 \u2013 The Hague Institute for Global Justice<\/strong><\/p><p>9.00 Uhr <strong>Gru\u00dfwort<\/strong> Steven van Hoogstraten, Den Haag <br \/><strong>Rwabukombe Revisited: Zur Zerst\u00f6rungsabsicht beim V\u00f6lkermord<\/strong> Lars Berster, K\u00f6ln Kommentar: Daniela Demko, Leipzig Aussprache<\/p><p>10.15 Uhr <strong>Was war und was bleibt? Zur T\u00e4tigkeit des Jugoslawien-Strafgerichtshofes \u2013<\/strong> Moderation: Stefanie Bock, Marburg Achievements, Failures, Legacy: Die Sicht der Anklagebeh\u00f6rde \u2013 Serge Brammertz, Den Haag Podium mit: Serge Brammertz, Den Haag; Bertram Schmitt, Den Haag; Stefan Kirsch, Frankfurt a.M.; Claus Kre\u00df, K\u00f6ln <br \/>Aussprache\u00a0<\/p><p>13.15 Uhr <strong>Verabschiedung<\/strong> Christoph Fl\u00fcgge, Den Haag &amp; Florian Je\u00dfberger, Hamburg<\/p><p>Die <b>ver\u00f6ffentlichten Beitr\u00e4ge<\/b> finden Sie\u00a0<a href=\"https:\/\/www.zis-online.com\/index.php?sektion=2&amp;language=ger\" target=\"_blank\" rel=\"noopener\">here<\/a>\u00a0in der <strong>Ausgabe 12\/2017<\/strong>.<\/p><\/div>\n\t\t\t\t<\/div>\n\t\t\t\t\t\t\t<div class=\"elementor-accordion-item\">\n\t\t\t\t\t<div id=\"elementor-tab-title-16710\" class=\"elementor-tab-title\" data-tab=\"10\" role=\"button\" aria-controls=\"elementor-tab-content-16710\" aria-expanded=\"false\">\n\t\t\t\t\t\t\t\t\t\t\t\t\t<span class=\"elementor-accordion-icon elementor-accordion-icon-left\" aria-hidden=\"true\">\n\t\t\t\t\t\t\t\t\t\t\t\t\t\t\t<span class=\"elementor-accordion-icon-closed\"><i class=\"fas fa-plus\"><\/i><\/span>\n\t\t\t\t\t\t\t\t<span class=\"elementor-accordion-icon-opened\"><i class=\"fas fa-minus\"><\/i><\/span>\n\t\t\t\t\t\t\t\t\t\t\t\t\t\t<\/span>\n\t\t\t\t\t\t\t\t\t\t\t\t<a class=\"elementor-accordion-title\" tabindex=\"0\">2016 in G\u00f6ttingen<\/a>\n\t\t\t\t\t<\/div>\n\t\t\t\t\t<div id=\"elementor-tab-content-16710\" class=\"elementor-tab-content elementor-clearfix\" data-tab=\"10\" role=\"region\" aria-labelledby=\"elementor-tab-title-16710\"><h5>Tagesordnung der zw\u00f6lften Sitzung des Arbeitskreises V\u00f6lkerstrafrecht am 3. und 4. Juni 2016 in G\u00f6ttingen \u2013 Stand: Januar 2016 \u2013<\/h5><p><strong>Freitag, 3. Juni 2016 \u2013 Alfred-Hessel-Saal, Historisches Geb\u00e4ude der SUB G\u00f6ttingen <\/strong><\/p><p>14.00 Uhr Begr\u00fc\u00dfung Kai Ambos, G\u00f6ttingen &amp; Florian Je\u00dfberger, Hamburg<\/p><p>14.15 Uhr <strong>Foreign Fighters und Kriegsv\u00f6lkerstrafrecht<\/strong> Stefan Wehrenberg, Z\u00fcrich &amp; Christian Ritscher, Karlsruhe Diskussion\u00a0<\/p><p>15.15 Uhr <strong>Berichte aus der Praxis I<\/strong> Die neuere Judikatur des Internationalen Strafgerichtshofes \u2013 Eleni Chaitidou, Den Haag<\/p><p>16.30 Uhr <strong>Berichte aus der Praxis II<\/strong> Die neuere Judikatur des Jugoslawienstrafgerichtshofes \u2013 Barbara Goy, Den Haag The Specialist Chambers and the Specialist Prosecutor\u2019s Office for the Kosovo \u2013 Franziska Eckelmans, Den Haag Aus der Praxis des Generalbundesanwalts \u2013 N.N., Karlsruhe Working Group on Lessons Learned \u2013 Philipp Ambach, Den Haag Gr\u00fcndung der ICC Bar Association \u2013 Jens Dieckmann, Bonn\u00a0<\/p><p>18.15 Uhr <strong>Verleihung des Robert Kempner-Preises\u00a0<\/strong><\/p><p><strong>Samstag, 4. Juni 2015 \u2013 Alfred-Hessel-Saal, Historisches Geb\u00e4ude der SUB G\u00f6ttingen<\/strong><\/p><p>09.00 Uhr <strong>Die Umsetzung der Beschl\u00fcsse von Kampala in Deutschland<\/strong> Michael Gre\u00dfmann, Berlin &amp; Ulrich Staudigl, Berlin Diskussion<\/p><p>11.00 Uhr <strong>V\u00f6lkerstraftaten und Strafprozessordnung: Geht es wirklich \u201eso nicht\u201c? Und wenn nicht so, wie dann?<\/strong> Das Stuttgarter Verfahren \u2013 J\u00fcrgen Hettich, Stuttgart Parlamentarische Initiativen \u2013 Denise Bentele, Berlin <br \/>Diskussion\u00a0<\/p><p>12.45 Uhr <strong>Schlusswort und Verabschiedung<\/strong> Kai Ambos, G\u00f6ttingen &amp; Florian Je\u00dfberger, Hamburg\u00a0<\/p><p>Die <b>ver\u00f6ffentlichten Beitr\u00e4ge<\/b> finden Sie\u00a0<a href=\"https:\/\/www.zis-online.com\/index.php?sektion=2&amp;language=ger\" target=\"_blank\" rel=\"noopener\">here<\/a>\u00a0in der <strong>Ausgabe 12\/2016<\/strong>.<\/p><\/div>\n\t\t\t\t<\/div>\n\t\t\t\t\t\t\t<div class=\"elementor-accordion-item\">\n\t\t\t\t\t<div id=\"elementor-tab-title-16711\" class=\"elementor-tab-title\" data-tab=\"11\" role=\"button\" aria-controls=\"elementor-tab-content-16711\" aria-expanded=\"false\">\n\t\t\t\t\t\t\t\t\t\t\t\t\t<span class=\"elementor-accordion-icon elementor-accordion-icon-left\" aria-hidden=\"true\">\n\t\t\t\t\t\t\t\t\t\t\t\t\t\t\t<span class=\"elementor-accordion-icon-closed\"><i class=\"fas fa-plus\"><\/i><\/span>\n\t\t\t\t\t\t\t\t<span class=\"elementor-accordion-icon-opened\"><i class=\"fas fa-minus\"><\/i><\/span>\n\t\t\t\t\t\t\t\t\t\t\t\t\t\t<\/span>\n\t\t\t\t\t\t\t\t\t\t\t\t<a class=\"elementor-accordion-title\" tabindex=\"0\">2015 in Bern<\/a>\n\t\t\t\t\t<\/div>\n\t\t\t\t\t<div id=\"elementor-tab-content-16711\" class=\"elementor-tab-content elementor-clearfix\" data-tab=\"11\" role=\"region\" aria-labelledby=\"elementor-tab-title-16711\"><h5>Tagesordnung\u00a0 f\u00fcr die elfte Sitzung des Arbeitskreises V\u00f6lkerstrafrecht\u00a0 am 29. und 30.Mai 2015 in Bern Stand:Dezember2014<\/h5><p><strong>Freitag, 29.Mai 2015 Universit\u00e4t Bern<\/strong><\/p><p class=\"font-claude-response-body whitespace-normal break-words\">14.00 Uhr<br \/><strong>Begr\u00fc\u00dfung<\/strong><br \/>Hans Vest &amp; Stefan Waespi, Bern<br \/>Florian Je\u00dfberger, Hamburg<\/p><p class=\"font-claude-response-body whitespace-normal break-words\"><strong>Gru\u00dfwort<\/strong><br \/>Simonetta Sommaruga (tbc), Bundesr\u00e4tin und Vorsteherin des Eidgen\u00f6ssischen Justiz- und Polizeidepartements, Bern; designierte Bundespr\u00e4sidentin<\/p><p class=\"font-claude-response-body whitespace-normal break-words\">14.30 Uhr<br \/><strong>Gedenken an Hans-Peter Kaul und Vorstellung des Sammelbandes \u201e10 Jahre Arbeitskreis V\u00f6lkerstrafrecht&#8220;<\/strong><br \/>Claus Kre\u00df, K\u00f6ln &amp; Eleni Chaitidou (tbc), Den Haag<\/p><p class=\"font-claude-response-body whitespace-normal break-words\">15.00 Uhr<br \/><strong>Aktuelle Entwicklungen (1)<\/strong><br \/>Die neuere Judikatur des IStGH<br \/>Franziska Eckelmans, Den Haag<\/p><p class=\"font-claude-response-body whitespace-normal break-words\">16.30 Uhr<br \/><strong>Aktuelle Entwicklungen (2)<\/strong><br \/>Die Verfolgung von V\u00f6lkerrechtsverbrechen in der Schweiz<br \/>Michael Lauber, Bundesanwalt, Bern<\/p><p class=\"font-claude-response-body whitespace-normal break-words\">Zur Praxis des Generalbundesanwalts bei der Verfolgung von V\u00f6lkerrechtsverbrechen in Deutschland<br \/>N.N., Karlsruhe<\/p><p class=\"font-claude-response-body whitespace-normal break-words\">Die Umsetzung des R\u00f6mischen Statuts in \u00d6sterreich<br \/>Astrid Reisinger Coracini, Salzburg<\/p><p class=\"font-claude-response-body whitespace-normal break-words\">18.30 Uhr<br \/><strong>20 Jahre Staatsanw\u00e4ltin an internationalen Strafgerichten<\/strong><br \/>Hildegard Uertz-Retzlaff, Den Haag<\/p><p class=\"font-claude-response-body whitespace-normal break-words\"><strong>Samstag, 30. Mai 2015 | Universit\u00e4t Bern<\/strong><\/p><p class=\"font-claude-response-body whitespace-normal break-words\">09.00 Uhr<br \/><strong>Keynote: Africa and International Criminal Justice<\/strong><br \/>Dire Tladi, Professor f\u00fcr V\u00f6lkerrecht, University of Pretoria (S\u00fcdafrika); Mitglied der VN-V\u00f6lkerrechtskommission<\/p><p class=\"font-claude-response-body whitespace-normal break-words\">11.30 Uhr<br \/><strong>Aktuelle Entwicklungen<\/strong><br \/>Vorschl\u00e4ge zur St\u00e4rkung der Effizienz der Verfahren vor dem Internationalen Strafgerichtshof<br \/>J\u00fcrg Lindemann, Bern<\/p><p class=\"font-claude-response-body whitespace-normal break-words\">12.30 Uhr<br \/><strong>Kriminologie &amp; V\u00f6lkerstrafrecht<\/strong><br \/>Frank Neubacher, K\u00f6ln &amp; Nandor Knust, Freiburg i. Br. (Kommentar)<\/p><p class=\"font-claude-response-body whitespace-normal break-words\">Die <b>ver\u00f6ffentlichten Beitr\u00e4ge<\/b> finden Sie\u00a0<a href=\"https:\/\/www.zis-online.com\/index.php?sektion=2&amp;language=ger\" target=\"_blank\" rel=\"noopener\">here<\/a>\u00a0in der <strong>Ausgabe 10\/2015<\/strong>.<\/p><\/div>\n\t\t\t\t<\/div>\n\t\t\t\t\t\t\t<div class=\"elementor-accordion-item\">\n\t\t\t\t\t<div id=\"elementor-tab-title-16712\" class=\"elementor-tab-title\" data-tab=\"12\" role=\"button\" aria-controls=\"elementor-tab-content-16712\" aria-expanded=\"false\">\n\t\t\t\t\t\t\t\t\t\t\t\t\t<span class=\"elementor-accordion-icon elementor-accordion-icon-left\" aria-hidden=\"true\">\n\t\t\t\t\t\t\t\t\t\t\t\t\t\t\t<span class=\"elementor-accordion-icon-closed\"><i class=\"fas fa-plus\"><\/i><\/span>\n\t\t\t\t\t\t\t\t<span class=\"elementor-accordion-icon-opened\"><i class=\"fas fa-minus\"><\/i><\/span>\n\t\t\t\t\t\t\t\t\t\t\t\t\t\t<\/span>\n\t\t\t\t\t\t\t\t\t\t\t\t<a class=\"elementor-accordion-title\" tabindex=\"0\">2014 in Den Haag<\/a>\n\t\t\t\t\t<\/div>\n\t\t\t\t\t<div id=\"elementor-tab-content-16712\" class=\"elementor-tab-content elementor-clearfix\" data-tab=\"12\" role=\"region\" aria-labelledby=\"elementor-tab-title-16712\"><h5>Tagesordnung f\u00fcr die Sitzung des Arbeitskreises V\u00f6lkerstrafrecht am 9. und 10. Mai 2014 in Den Haag Tagungsort: Sondergerichtshof f\u00fcr Libanon\u00a0<\/h5><p>Freitag, 9. Mai 2014<\/p><p>14.00 Uhr <strong>Begr\u00fc\u00dfung<\/strong> Sir David Baragwanath, Matthias Schuster und Claus Kre\u00df<\/p><p>14.15 &#8211; 15.00 <strong>Das Strafrecht der Weltgesellschaft<\/strong> Richter BVerfG a.D. Prof. Dr. Dr. Udo Di Fabio<\/p><p>15.00 &#8211; 15.45 Diskussion<\/p><p>16.15 &#8211; 16.30 <strong>Aktuelle Entwicklungen (1): Das Charles Taylor &#8211; Urteil der Rechtsmittelkammer des Sondergerichtshofs f\u00fcr Sierra Leone<\/strong> Ousman Njikam<\/p><p>16.30 &#8211; 16.45 <strong>Aktuelle Entwicklungen (2): Das Urteil im Fall 002 vor den Au\u00dferordentlichen Kammern in den Gerichten Kambodschas<\/strong> Patrick Kroker<\/p><p>16.45 &#8211; 17.15 <strong>Aktuelle Entwicklungen (3): Die neuere Judikatur des IStGH<\/strong> Eleni Chaitidou<\/p><p>18:30 Uhr Gemeinsames Abendessen in der Residenz des Botschafters<\/p><\/div>\n\t\t\t\t<\/div>\n\t\t\t\t\t\t\t<div class=\"elementor-accordion-item\">\n\t\t\t\t\t<div id=\"elementor-tab-title-16713\" class=\"elementor-tab-title\" data-tab=\"13\" role=\"button\" aria-controls=\"elementor-tab-content-16713\" aria-expanded=\"false\">\n\t\t\t\t\t\t\t\t\t\t\t\t\t<span class=\"elementor-accordion-icon elementor-accordion-icon-left\" aria-hidden=\"true\">\n\t\t\t\t\t\t\t\t\t\t\t\t\t\t\t<span class=\"elementor-accordion-icon-closed\"><i class=\"fas fa-plus\"><\/i><\/span>\n\t\t\t\t\t\t\t\t<span class=\"elementor-accordion-icon-opened\"><i class=\"fas fa-minus\"><\/i><\/span>\n\t\t\t\t\t\t\t\t\t\t\t\t\t\t<\/span>\n\t\t\t\t\t\t\t\t\t\t\t\t<a class=\"elementor-accordion-title\" tabindex=\"0\">2013 in Hamburg<\/a>\n\t\t\t\t\t<\/div>\n\t\t\t\t\t<div id=\"elementor-tab-content-16713\" class=\"elementor-tab-content elementor-clearfix\" data-tab=\"13\" role=\"region\" aria-labelledby=\"elementor-tab-title-16713\"><h5>Tagesordnung f\u00fcr die Sitzung des Arbeitskreises V\u00f6lkerstrafrecht am 24. und 25. Mai 2013 in Hamburg Tagungsort: Hauptgeb\u00e4ude der Universit\u00e4t, Raum 221 ESA O\u00a0<\/h5><p><strong>Freitag, 24. Mai 2013<\/strong><\/p><p>14.00 Gru\u00dfwort der Hamburger Justizsenatorin Frau Jana Schiedek<\/p><p>14.15 <strong>Begr\u00fc\u00dfung<\/strong> Florian Je\u00dfberger und Claus Kre\u00df\u00a0<\/p><p>14.30 &#8211; 15.00 <strong>\u201eDie Frage der Opferentsch\u00e4digung im V\u00f6lkerstrafverfahren vor dem IStGH nach Lubanga\u201c<\/strong> Eva Dwertmann\u00a0<\/p><p>15.00 &#8211; 15.30 <strong>\u201eZur Entsch\u00e4digungspraxis des IStGH nach Lubanga\u201c<\/strong> Philipp Ambach<\/p><p>17.30 &#8211; 19.00 <strong>Aktuelle Entwicklungen (Teil 1)<\/strong> Die aktuelle Rechtsprechung des IStGH Eleni Chaitidou<\/p><p>20 Uhr <strong>Gemeinsames Abendessen<\/strong> im Bistro Jerusalem in den Hamburger Kammerspielen\u00a0<\/p><p>Einen <b>Tagungsbericht<\/b> finden Sie\u00a0<a href=\"https:\/\/www.zis-online.com\/index.php?sektion=2&amp;language=ger\" target=\"_blank\" rel=\"noopener\">here<\/a>\u00a0in der <strong>Ausgabe 6\/2013<\/strong>.<\/p><\/div>\n\t\t\t\t<\/div>\n\t\t\t\t\t\t\t<div class=\"elementor-accordion-item\">\n\t\t\t\t\t<div id=\"elementor-tab-title-16714\" class=\"elementor-tab-title\" data-tab=\"14\" role=\"button\" aria-controls=\"elementor-tab-content-16714\" aria-expanded=\"false\">\n\t\t\t\t\t\t\t\t\t\t\t\t\t<span class=\"elementor-accordion-icon elementor-accordion-icon-left\" aria-hidden=\"true\">\n\t\t\t\t\t\t\t\t\t\t\t\t\t\t\t<span class=\"elementor-accordion-icon-closed\"><i class=\"fas fa-plus\"><\/i><\/span>\n\t\t\t\t\t\t\t\t<span class=\"elementor-accordion-icon-opened\"><i class=\"fas fa-minus\"><\/i><\/span>\n\t\t\t\t\t\t\t\t\t\t\t\t\t\t<\/span>\n\t\t\t\t\t\t\t\t\t\t\t\t<a class=\"elementor-accordion-title\" tabindex=\"0\">2012 in N\u00fcrnberg<\/a>\n\t\t\t\t\t<\/div>\n\t\t\t\t\t<div id=\"elementor-tab-content-16714\" class=\"elementor-tab-content elementor-clearfix\" data-tab=\"14\" role=\"region\" aria-labelledby=\"elementor-tab-title-16714\"><h5>Tagesordnung f\u00fcr die Sitzung des Arbeitskreises V\u00f6lkerstrafrecht am 4. und 5. Mai 2012 in N\u00fcrnberg Tagungsort: Saal 600, Memorium N\u00fcrnberger Prozesse<\/h5><p><strong>Freitag, 4. Mai 2012<\/strong><\/p><p>14.00 <strong>Begr\u00fc\u00dfung<\/strong> Peter K\u00fcspert, Pr\u00e4sident des Oberlandesgerichts N\u00fcrnberg Dr. Oscar Schneider, Bundesminister a.D., Sprecher des Kuratoriums Dokumentationszentrum Reichsparteitagsgel\u00e4nde Claus Kre\u00df<\/p><p>14.30 &#8211; 15.00 <strong>Vorstellung Gr\u00fcndungsprozess der Internationalen Akademie N\u00fcrnberger Prinzipien<\/strong> Anne R\u00fcbesame und Christoph Safferling<\/p><p>15.00 \u2013 16.00 <strong>Die geschichtliche Bedeutung der N\u00fcrnberger Prozesse<\/strong> Prof. Dr. Manfred G\u00f6rtemaker, Potsdam<\/p><p>16.15 \u2013 18.30 <strong>Zum Anwendungsbereich der Menschlichkeitsverbrechen vor der \u201eKenia-Entscheidung\u201c der Rechtsmittelkammer des Internationalen Strafgerichtshofs und im Zusammenhang mit dem Konzept der Schutzverantwortung<\/strong> Kurzer Impuls von Claus Kre\u00df und anschlie\u00dfende ausgiebige Diskussion<\/p><p>Ab 18.30 <strong>F\u00fchrungen durch das Memorium N\u00fcrnberger Prozesse <\/strong><\/p><p>Einen <b>Tagungsbericht<\/b> finden Sie <a href=\"https:\/\/www.zis-online.com\/index.php?sektion=2&amp;language=ger\">here<\/a>\u00a0in der <strong>Ausgabe 6\/2012<\/strong>.<\/p><\/div>\n\t\t\t\t<\/div>\n\t\t\t\t\t\t\t<div class=\"elementor-accordion-item\">\n\t\t\t\t\t<div id=\"elementor-tab-title-16715\" class=\"elementor-tab-title\" data-tab=\"15\" role=\"button\" aria-controls=\"elementor-tab-content-16715\" aria-expanded=\"false\">\n\t\t\t\t\t\t\t\t\t\t\t\t\t<span class=\"elementor-accordion-icon elementor-accordion-icon-left\" aria-hidden=\"true\">\n\t\t\t\t\t\t\t\t\t\t\t\t\t\t\t<span class=\"elementor-accordion-icon-closed\"><i class=\"fas fa-plus\"><\/i><\/span>\n\t\t\t\t\t\t\t\t<span class=\"elementor-accordion-icon-opened\"><i class=\"fas fa-minus\"><\/i><\/span>\n\t\t\t\t\t\t\t\t\t\t\t\t\t\t<\/span>\n\t\t\t\t\t\t\t\t\t\t\t\t<a class=\"elementor-accordion-title\" tabindex=\"0\">2011 in Den Haag<\/a>\n\t\t\t\t\t<\/div>\n\t\t\t\t\t<div id=\"elementor-tab-content-16715\" class=\"elementor-tab-content elementor-clearfix\" data-tab=\"15\" role=\"region\" aria-labelledby=\"elementor-tab-title-16715\"><h5>Tagesordnung f\u00fcr die Sitzung des Arbeitskreises V\u00f6lkerstrafrecht am 17. und 18. Juni 2011 in Den Haag Tagungsort: Grotius Centre for International Legal Studies &#8211; Universit\u00e4t Leiden \u2013 Campus Den Haag\u00a0<\/h5><p><strong>Freitag, 17. Juni 2011<\/strong><\/p><p>14.00 Begr\u00fc\u00dfung Carsten Stahn, Robert Heinsch und Claus Kre\u00df\u00a0<\/p><p>14.15 <strong>Terrorismus als V\u00f6lkerstraftat?<\/strong> mit einem Impuls von Stefan Kirsch\u00a0<\/p><p>15.45 &#8211; 17.00 <strong>Aktuelle Entwicklungen<\/strong> <br \/>Zur Rechtsprechung von RStGH, JStGH und IStGH seit Mitte 2010 Claudia Hoefer, Barbara Goy und Eleni Chaitidou Zur T\u00e4tigkeit des Generalbundesanwalts seit Mitte 2010 Thomas Beck jeweils mit der Gelegenheit zur <br \/>Aussprache\u00a0<\/p><p>17.30 &#8211; 19.30 <strong>Empfang<\/strong> in der deutschen Residenz in Den Haag mit Vortrag von Herrn Richter am Internationalen Strafgerichtshof f\u00fcr das ehemalige Jugoslawien a.D., Albin Eser, \u201eZur Transnationalen Absicherung der Strafverfolgung v\u00f6lkerrechtlicher Verbrechen\u201c\u00a0<\/p><p><strong>Samstag, 18. Juni 2011<\/strong><\/p><p>9.30 <strong>Aktuelle Entwicklungen<\/strong> <strong>(Fortsetzung)<\/strong><br \/>V\u00f6lkerrechtspolitische Entwicklungen in Deutschland und \u00d6sterreich nach Kampala <br \/>Astrid Reisinger Coracini und Thomas Strieder<\/p><p>Zur Vollstreckung eines internationalen Strafurteils &#8211; Der Fall Galic Klaus Hoffmann<\/p><p>Das V\u00f6lkerstrafrecht in der Praxis des Sicherheitsrats Wiebke R\u00fcckert und Robert Frau<\/p><p>11.15 <strong>Die Konflikte in \u201aLibyen\u2019 und in der \u201aElfenbeink\u00fcste\u2019 und die Idee der internationalen Schutzverantwortung &#8211; Rechtsphilosophische, friedenssicherungsrechtliche und v\u00f6lkerstrafrechtliche Fragen<\/strong> mit Impulsen von Reinhard Merkel und Kai Ambos<\/p><p>Die <b>ver\u00f6ffentlichten Beitr\u00e4ge<\/b> finden Sie\u00a0<a href=\"https:\/\/www.zis-online.com\/index.php?sektion=2&amp;language=ger\" target=\"_blank\" rel=\"noopener\">here<\/a>\u00a0in der <strong>Ausgabe 10\/2011<\/strong>.<\/p><\/div>\n\t\t\t\t<\/div>\n\t\t\t\t\t\t\t<div class=\"elementor-accordion-item\">\n\t\t\t\t\t<div id=\"elementor-tab-title-16716\" class=\"elementor-tab-title\" data-tab=\"16\" role=\"button\" aria-controls=\"elementor-tab-content-16716\" aria-expanded=\"false\">\n\t\t\t\t\t\t\t\t\t\t\t\t\t<span class=\"elementor-accordion-icon elementor-accordion-icon-left\" aria-hidden=\"true\">\n\t\t\t\t\t\t\t\t\t\t\t\t\t\t\t<span class=\"elementor-accordion-icon-closed\"><i class=\"fas fa-plus\"><\/i><\/span>\n\t\t\t\t\t\t\t\t<span class=\"elementor-accordion-icon-opened\"><i class=\"fas fa-minus\"><\/i><\/span>\n\t\t\t\t\t\t\t\t\t\t\t\t\t\t<\/span>\n\t\t\t\t\t\t\t\t\t\t\t\t<a class=\"elementor-accordion-title\" tabindex=\"0\">2010 in Wien<\/a>\n\t\t\t\t\t<\/div>\n\t\t\t\t\t<div id=\"elementor-tab-content-16716\" class=\"elementor-tab-content elementor-clearfix\" data-tab=\"16\" role=\"region\" aria-labelledby=\"elementor-tab-title-16716\"><h5>Tagesordnung f\u00fcr die Sitzung des Arbeitskreises V\u00f6lkerstrafrecht am 1. und 2. Oktober 2010 in Wien Tagungsort: Universit\u00e4t Wien, Dachgeschoss Juridicum<\/h5><p><strong>Freitag, 1. Oktober 2010<\/strong><\/p><p>14.00 Begr\u00fc\u00dfung durch Frank H\u00f6pfel und Claus Kre\u00df<\/p><p>14.15 Aktuelle Beitr\u00e4ge der internationalen Strafjustiz zur Entwicklung des humanit\u00e4ren V\u00f6lkerrechts <br \/>Alexander Breitegger\u00a0<\/p><p>14.45 Der Kompromiss von Kampala zum Verbrechen der Aggression aus der Verhandlungsperspektive <br \/>Stefan Barriga\u00a0<\/p><p>16.00 Der Kompromiss von Kampala zum Verbrechen der Aggression: Erg\u00e4nzende Bemerkungen <br \/>Claus Kre\u00df\u00a0<\/p><p><strong>Samstag, 2. Oktober 2010<\/strong><\/p><p>9.00 <strong>Recent Developments:<\/strong><\/p><p>Zur Verfolgung von V\u00f6lkerstraftaten in \u00d6sterreich, in der Schweiz und in Deutschland Thomas-Michael Baier, Andrea Candrian, Christian Ritscher<\/p><p>Zur aktuellen Judikatur von IStGH, JStGH und \u201eKambodscha-Kammern\u201c Eleni Chaitidou, Philipp Ambach, Sabine Schulz<\/p><p>Die Pr\u00fcfung der Zul\u00e4ssigkeit des Verfahrens in der Situation Uganda durch den IStGH und die Beteiligung der Verteidigung &#8211; ein Update Jens Dieckmann jeweils mit der Gelegenheit zur Aussprache\u00a0<\/p><p>14.30 Der Fall Kundus vor der deutschen Strafjustiz Thomas Beck \u2013 Diskussion<\/p><p>15.45 \u2018Transitional Justice\u2019 und \u2018Positive Complementarity\u2019 Madalena Pampalk und Nandor Knust<\/p><p>16.30 Verabschiedung durch Frank H\u00f6pfel und Claus Kre\u00df<\/p><p>Die<b>\u00a0ver\u00f6ffentlichten Beitr\u00e4ge<\/b>\u00a0finden Sie\u00a0<a href=\"https:\/\/www.zis-online.com\/index.php?sektion=2&amp;language=ger\" target=\"_blank\" rel=\"noopener\">here<\/a>\u00a0in der <strong>Ausgabe 11\/2010<\/strong>.<\/p><\/div>\n\t\t\t\t<\/div>\n\t\t\t\t\t\t\t<div class=\"elementor-accordion-item\">\n\t\t\t\t\t<div id=\"elementor-tab-title-16717\" class=\"elementor-tab-title\" data-tab=\"17\" role=\"button\" aria-controls=\"elementor-tab-content-16717\" aria-expanded=\"false\">\n\t\t\t\t\t\t\t\t\t\t\t\t\t<span class=\"elementor-accordion-icon elementor-accordion-icon-left\" aria-hidden=\"true\">\n\t\t\t\t\t\t\t\t\t\t\t\t\t\t\t<span class=\"elementor-accordion-icon-closed\"><i class=\"fas fa-plus\"><\/i><\/span>\n\t\t\t\t\t\t\t\t<span class=\"elementor-accordion-icon-opened\"><i class=\"fas fa-minus\"><\/i><\/span>\n\t\t\t\t\t\t\t\t\t\t\t\t\t\t<\/span>\n\t\t\t\t\t\t\t\t\t\t\t\t<a class=\"elementor-accordion-title\" tabindex=\"0\">2009 in Lausanne<\/a>\n\t\t\t\t\t<\/div>\n\t\t\t\t\t<div id=\"elementor-tab-content-16717\" class=\"elementor-tab-content elementor-clearfix\" data-tab=\"17\" role=\"region\" aria-labelledby=\"elementor-tab-title-16717\"><h5>Tagesordnung f\u00fcr die Sitzung des Arbeitskreises V\u00f6lkerstrafrecht am 26. und 27. Juni 2009 in Lausanne Lehrstuhl f\u00fcr V\u00f6lkerrecht, Rechtsfakult\u00e4t der Universit\u00e4t Lausanne und Schweizerisches Institut f\u00fcr Rechtsvergleichung \u2013 Lausanne-Dorigny<\/h5><p><strong>Freitag, 26. Juni 2009 <\/strong><\/p><p>14.00 Begr\u00fc\u00dfung durch Andreas Ziegler und Claus Kre\u00df<\/p><p>14.15 <strong>Kriegsverbrecherprozesse in der Schweiz<\/strong> (Vorstellung der Ergebnisse eines Forschungsprojekts) Stefan Wehrenberg und Andreas Ziegler<\/p><p>14.45 <strong>Die Schattenseiten des V\u00f6lkerstrafrechts f\u00fcr das Humanit\u00e4re V\u00f6lkerrecht<\/strong> Marco Sass\u00f2li mit anschlie\u00dfender Diskussion\u00a0<\/p><p>16.15 bis ca. 17.45 <strong>Die Arbeit des Special Court for Sierra Leone<\/strong> Elisabeth Baumgartner und <strong>Die Arbeit der Extraordinary Chambers in the Courts of Cambodia<\/strong> J\u00fcrgen Assmann mit anschlie\u00dfender Diskussion<\/p><\/div>\n\t\t\t\t<\/div>\n\t\t\t\t\t\t\t<div class=\"elementor-accordion-item\">\n\t\t\t\t\t<div id=\"elementor-tab-title-16718\" class=\"elementor-tab-title\" data-tab=\"18\" role=\"button\" aria-controls=\"elementor-tab-content-16718\" aria-expanded=\"false\">\n\t\t\t\t\t\t\t\t\t\t\t\t\t<span class=\"elementor-accordion-icon elementor-accordion-icon-left\" aria-hidden=\"true\">\n\t\t\t\t\t\t\t\t\t\t\t\t\t\t\t<span class=\"elementor-accordion-icon-closed\"><i class=\"fas fa-plus\"><\/i><\/span>\n\t\t\t\t\t\t\t\t<span class=\"elementor-accordion-icon-opened\"><i class=\"fas fa-minus\"><\/i><\/span>\n\t\t\t\t\t\t\t\t\t\t\t\t\t\t<\/span>\n\t\t\t\t\t\t\t\t\t\t\t\t<a class=\"elementor-accordion-title\" tabindex=\"0\">2008 in Den Haag<\/a>\n\t\t\t\t\t<\/div>\n\t\t\t\t\t<div id=\"elementor-tab-content-16718\" class=\"elementor-tab-content elementor-clearfix\" data-tab=\"18\" role=\"region\" aria-labelledby=\"elementor-tab-title-16718\"><h5>Tagesordnung f\u00fcr die Sitzung des Arbeitskreises V\u00f6lkerstrafrecht am 20. und 21. Juni 2008 in Den Haag<\/h5><p><strong>Freitag, 20. Juni 2008<\/strong><\/p><p>14.00 <strong>Begr\u00fc\u00dfung<\/strong> durch Herrn Richter am Internationalen Strafgerichtshof, Hans-Peter Kaul, und Claus Kre\u00df\u00a0<\/p><p>14.30 <strong>Zur Legitimation des V\u00f6lkerstrafrechts Impuls<\/strong>\u00a0Dr. Katrin Gierhake\u00a0<\/p><p>16.30 <strong>Current Developments (Teil 1)<\/strong>: Serge Brammertz, Erste Erfahrungen als Chefankl\u00e4ger des JStGH Jan Nemitz, Zur neuesten Judikatur des JStGH Christian Rohde, Zur Legacy des JStGH Marie-Ursula Kind, Zur Arbeit des Transition Teams in der JStGH Anklagebeh\u00f6rde<\/p><p>18.00 <strong>Empfang<\/strong> durch den deutschen Botschafter in den Niederlanden mit Vortrag von Herrn Richter am Internationalen Strafgerichtshof f\u00fcr das ehemalige Jugoslawien a.D., Frank H\u00f6pfel, \u201eEinmal Wien &#8211; Den Haag und zur\u00fcck: Erfahrungen eines Ad-litem-Richters am ICTY\u201c\u00a0<\/p><p>Die <b>ver\u00f6ffentlichten Beitr\u00e4ge<\/b> finden Sie\u00a0<a href=\"https:\/\/www.zis-online.com\/index.php?sektion=2&amp;language=ger\" target=\"_blank\" rel=\"noopener\">here<\/a>\u00a0in der <strong>Ausgabe 8\/2008<\/strong>.<\/p><\/div>\n\t\t\t\t<\/div>\n\t\t\t\t\t\t\t<div class=\"elementor-accordion-item\">\n\t\t\t\t\t<div id=\"elementor-tab-title-16719\" class=\"elementor-tab-title\" data-tab=\"19\" role=\"button\" aria-controls=\"elementor-tab-content-16719\" aria-expanded=\"false\">\n\t\t\t\t\t\t\t\t\t\t\t\t\t<span class=\"elementor-accordion-icon elementor-accordion-icon-left\" aria-hidden=\"true\">\n\t\t\t\t\t\t\t\t\t\t\t\t\t\t\t<span class=\"elementor-accordion-icon-closed\"><i class=\"fas fa-plus\"><\/i><\/span>\n\t\t\t\t\t\t\t\t<span class=\"elementor-accordion-icon-opened\"><i class=\"fas fa-minus\"><\/i><\/span>\n\t\t\t\t\t\t\t\t\t\t\t\t\t\t<\/span>\n\t\t\t\t\t\t\t\t\t\t\t\t<a class=\"elementor-accordion-title\" tabindex=\"0\">2007 in Berlin<\/a>\n\t\t\t\t\t<\/div>\n\t\t\t\t\t<div id=\"elementor-tab-content-16719\" class=\"elementor-tab-content elementor-clearfix\" data-tab=\"19\" role=\"region\" aria-labelledby=\"elementor-tab-title-16719\"><h5>Tagesordnung f\u00fcr die Sitzung des Arbeitskreises V\u00f6lkerstrafrecht am 22. Juni und 23. Juni 2007 in Berlin<\/h5><p><strong>Freitag, 22. Juni 2007<\/strong><\/p><p>14.00 Begr\u00fc\u00dfung (Gerhard Werle und Claus Kre\u00df)<\/p><p>15.00 <strong>Erfahrungen mit dem ersten confirmation hearing vor dem IStGH<\/strong> Vortrag: Ekkehard Withhopf mit anschlie\u00dfender Diskussion<\/p><p>17.00 <strong>Current developments:<\/strong> <br \/>&#8211; Erste Judikatur der Appeals Chamber des ICC (Franziska Eckelmans) &#8211; <br \/>&#8211; Judikatur der Appeals Chamber von ICTY\/ICTR im vergangenen Jahr (Jan Nemitz) <br \/>&#8211; Stand des Schweizer Gesetzgebungsverfahrens zum materiellen V\u00f6lkerstrafrecht (Andrea Candrian); <br \/>&#8211; Praxis des GBA im vergangenen Jahr (Christian Ritscher) <br \/>&#8211; Zur Arbeit der Internationalen Ermittlungskommission zum Mordfall Hariri (Stefan Waespi)\u00a0<\/p><p><strong>Samstag, 23. Juni 2007 <\/strong><\/p><p>9.00 <strong>Probleme der Vorgesetztenverantwortlichkeit<\/strong> Vortrag: Nora Karsten mit anschlie\u00dfender Diskussion<\/p><p>11.30\u00a0 <strong>Die erste \u00dcberpr\u00fcfungskonferenz zum IStGH-Statut: Vorbereitungsstand und Perspektiven aus der Sicht der Regierungen Deutschlands und der Schweiz<\/strong> (Thomas Schneider\/J\u00fcrg Lindenmann)<\/p><p>14.00 Das Verbrechen der Aggression und die Rolle des Sicherheitsrats Impuls: Stefan Barriga und anschlie\u00dfende Diskussion\u00a0<\/p><\/div>\n\t\t\t\t<\/div>\n\t\t\t\t\t\t\t<div class=\"elementor-accordion-item\">\n\t\t\t\t\t<div id=\"elementor-tab-title-16720\" class=\"elementor-tab-title\" data-tab=\"20\" role=\"button\" aria-controls=\"elementor-tab-content-16720\" aria-expanded=\"false\">\n\t\t\t\t\t\t\t\t\t\t\t\t\t<span class=\"elementor-accordion-icon elementor-accordion-icon-left\" aria-hidden=\"true\">\n\t\t\t\t\t\t\t\t\t\t\t\t\t\t\t<span class=\"elementor-accordion-icon-closed\"><i class=\"fas fa-plus\"><\/i><\/span>\n\t\t\t\t\t\t\t\t<span class=\"elementor-accordion-icon-opened\"><i class=\"fas fa-minus\"><\/i><\/span>\n\t\t\t\t\t\t\t\t\t\t\t\t\t\t<\/span>\n\t\t\t\t\t\t\t\t\t\t\t\t<a class=\"elementor-accordion-title\" tabindex=\"0\">2006 in Den Haag<\/a>\n\t\t\t\t\t<\/div>\n\t\t\t\t\t<div id=\"elementor-tab-content-16720\" class=\"elementor-tab-content elementor-clearfix\" data-tab=\"20\" role=\"region\" aria-labelledby=\"elementor-tab-title-16720\"><h5>Tagesordnung f\u00fcr die Sitzung des Arbeitskreises V\u00f6lkerstrafrecht am 30. Juni und 1. Juli 2006 in Den Haag<\/h5><p><strong>Freitag, 30. Juni 2006<\/strong><\/p><p>14.30 <strong>Begr\u00fc\u00dfung durch den Vizepr\u00e4sidenten des Internationalen Strafgerichtshofes, S.E. Ren\u00e9 Blattmann<\/strong>, im IStGH mit anschlie\u00dfender kurzer Besichtigung eines Courtroom des IStGH\u00a0<\/p><p>15.30 <strong>Fragen der Opferbeteiligung und \u2013entsch\u00e4digung im Strafverfahren vor dem IStGH<\/strong> Impulse: Seibert-Fohr (Grundlagen\/Right to Justice), Bussmann (Rules of the Trust Fund), Stahn (Bisherige Verfahrenspraxis)<\/p><p><strong>Samstag, 1. Juli 2006 <\/strong><\/p><p>9.00 <strong>Nationale Gesetzgebung, insbesondere zur Zust\u00e4ndigkeit in V\u00f6lkerstrafsachen<\/strong> Impulse: Schmid (Erste Erfahrungen mit dem dVStGB), Cottier (Stand der Gesetzgebung in der Schweiz)<\/p><p>14.00 <strong>Gestaltung des Hauptverfahrens vor dem IStGH<\/strong> Impuls: Kirsch<\/p><p>17.00 bis 18.00 M\u00f6glicher Beitrag des Arbeitskreises zur Revisionskonferenz (insbes. Format und Organisation eines evtl. Diskussionsbeitrages)<\/p><\/div>\n\t\t\t\t<\/div>\n\t\t\t\t\t\t\t<div class=\"elementor-accordion-item\">\n\t\t\t\t\t<div id=\"elementor-tab-title-16721\" class=\"elementor-tab-title\" data-tab=\"21\" role=\"button\" aria-controls=\"elementor-tab-content-16721\" aria-expanded=\"false\">\n\t\t\t\t\t\t\t\t\t\t\t\t\t<span class=\"elementor-accordion-icon elementor-accordion-icon-left\" aria-hidden=\"true\">\n\t\t\t\t\t\t\t\t\t\t\t\t\t\t\t<span class=\"elementor-accordion-icon-closed\"><i class=\"fas fa-plus\"><\/i><\/span>\n\t\t\t\t\t\t\t\t<span class=\"elementor-accordion-icon-opened\"><i class=\"fas fa-minus\"><\/i><\/span>\n\t\t\t\t\t\t\t\t\t\t\t\t\t\t<\/span>\n\t\t\t\t\t\t\t\t\t\t\t\t<a class=\"elementor-accordion-title\" tabindex=\"0\">2005 in Bonn<\/a>\n\t\t\t\t\t<\/div>\n\t\t\t\t\t<div id=\"elementor-tab-content-16721\" class=\"elementor-tab-content elementor-clearfix\" data-tab=\"21\" role=\"region\" aria-labelledby=\"elementor-tab-title-16721\"><h5>Tagesordnung f\u00fcr die Sitzung des Arbeitskreises V\u00f6lkerstrafrecht am 1. und 2. Juli 2005 in Bonn<\/h5><p><strong>Freitag, 1. Juli 2005<\/strong><\/p><p>14.30 Begr\u00fc\u00dfung<\/p><p>14.45 &#8211; 16.00 <strong>Das Komplementarit\u00e4tsprinzip in der Praxis<\/strong> <br \/>&#8211; Situation 1: Uganda (Kurzvortrag Hans-Werner Bussmann) <br \/>&#8211; Situation 2: Kolumbien (Kurzvortrag Kai Ambos; s. hierzu die Anlage \u201eStellungnahme Demobilisierung\u201c) &#8211; <br \/>Aussprache<\/p><p>16.00 \u2013 17.00 <strong>Kurzvortr\u00e4ge zu aktuelle Entwicklungen im V\u00f6lkerstrafrecht<\/strong> <br \/>&#8211; JStGH (Jan Nemitz) &#8211; IStGH (Hans-Peter Kaul) <br \/>&#8211; Definition des Aggressionsverbrechens (Claus Kre\u00df)<\/p><p>17.30 \u2013 19.00 <strong>Rechtsfragen der Opferentsch\u00e4digung nach dem IStGH-Statut<\/strong> <br \/>&#8211; Die rechtlichen Grundfragen (Kurzvortrag Christoph Safferling) <br \/>&#8211; Stand der Debatte in der Vertragsstaatenversammlung Gremien (Kurzvortrag Christoph Forster) <br \/>&#8211; Aussprache<\/p><p><strong>Samstag, 2. Juli 2005<\/strong><\/p><p>9.00 \u2013 10.00 <strong>Bestellung und Finanzierung des Strafverteidigers vor dem IStGH nach der Gesch\u00e4ftsordnung des Gerichtshofs<\/strong> <br \/>&#8211; Kurzvortrag Eberhard Kempf mit erg\u00e4nzender Stellungnahme Stefan Kirsch <br \/>&#8211; Aussprache<\/p><p>10.00 \u2013 12.00 <strong>Aussprache \u00fcber die zuk\u00fcnftige Struktur des Arbeitskreises und seine Arbeitsform <\/strong><br \/>(Wahl einer Rechtsform?, Mitgliederkreis?, Ver\u00f6ffentlichungen der Beratungen?, Tagungsorte und -intervall?, Finanzierungsquellen? Arbeit ad hoc zwischen den Tagungen, insbesondere: Vorbereitung von Vorschl\u00e4gen f\u00fcr die Review Conference?)<\/p><\/div>\n\t\t\t\t<\/div>\n\t\t\t\t\t\t\t\t<\/div>\n\t\t\t\t\t\t<\/div>\n\t\t\t\t<\/div>\n\t\t\t\t\t<\/div>\n\t\t<\/div>\n\t\t\t\t\t<\/div>\n\t\t<\/section>\n\t\t\t\t\t<\/div>\n\t\t<\/div>\n\t\t\t\t<div class=\"has_eae_slider elementor-column elementor-col-50 elementor-top-column elementor-element elementor-element-b6a5ee2\" data-eae-slider=\"16115\" data-id=\"b6a5ee2\" data-element_type=\"column\" data-e-type=\"column\">\n\t\t\t<div class=\"elementor-widget-wrap elementor-element-populated\">\n\t\t\t\t\t\t<section class=\"has_eae_slider elementor-section elementor-inner-section elementor-element elementor-element-0691b64 elementor-section-boxed elementor-section-height-default elementor-section-height-default\" data-eae-slider=\"71009\" data-id=\"0691b64\" data-element_type=\"section\" data-e-type=\"section\" data-settings=\"{&quot;background_background&quot;:&quot;classic&quot;}\">\n\t\t\t\t\t\t<div class=\"elementor-container elementor-column-gap-default\">\n\t\t\t\t\t<div class=\"has_eae_slider elementor-column elementor-col-100 elementor-inner-column elementor-element elementor-element-647681a\" data-eae-slider=\"76551\" data-id=\"647681a\" data-element_type=\"column\" data-e-type=\"column\">\n\t\t\t<div class=\"elementor-widget-wrap elementor-element-populated\">\n\t\t\t\t\t\t<div class=\"elementor-element elementor-element-fca6093 elementor-widget elementor-widget-image\" data-id=\"fca6093\" data-element_type=\"widget\" data-e-type=\"widget\" data-widget_type=\"image.default\">\n\t\t\t\t<div class=\"elementor-widget-container\">\n\t\t\t\t\t\t\t\t\t\t\t\t\t\t\t<img fetchpriority=\"high\" decoding=\"async\" width=\"768\" height=\"1024\" src=\"https:\/\/ak-voelkerstrafrecht.org\/wp-content\/uploads\/2026\/01\/calendar_-768x1024.jpg\" class=\"attachment-large size-large wp-image-5580\" alt=\"\" srcset=\"https:\/\/ak-voelkerstrafrecht.org\/wp-content\/uploads\/2026\/01\/calendar_-768x1024.jpg 768w, https:\/\/ak-voelkerstrafrecht.org\/wp-content\/uploads\/2026\/01\/calendar_-225x300.jpg 225w, https:\/\/ak-voelkerstrafrecht.org\/wp-content\/uploads\/2026\/01\/calendar_.jpg 900w\" sizes=\"(max-width: 768px) 100vw, 768px\" \/>\t\t\t\t\t\t\t\t\t\t\t\t\t\t\t<\/div>\n\t\t\t\t<\/div>\n\t\t\t\t\t<\/div>\n\t\t<\/div>\n\t\t\t\t\t<\/div>\n\t\t<\/section>\n\t\t\t\t\t<\/div>\n\t\t<\/div>\n\t\t\t\t\t<\/div>\n\t\t<\/section>\n\t\t\t\t<\/div>","protected":false},"excerpt":{"rendered":"<p>Bisherige Sitzungen Die bisherigen Sitzungen des Arbeitskreises fanden statt in Bonn (2005), Den Haag (2006, 2008, 2011, 2017, 2020, 2023), Berlin (2007, 2022), Lausanne (2009), Wien (2010), N\u00fcrnberg (2012), Hamburg (2013), Bern (2015), G\u00f6ttingen (2016), Marburg (2018), Salzburg (2019), \u00a0online (2021), Basel (2024) und Karlsruhe (2025). Ausgew\u00e4hlte Beitr\u00e4ge sind seit 2008 jeweils ver\u00f6ffentlicht in der [&hellip;]<\/p>","protected":false},"author":1,"featured_media":0,"parent":0,"menu_order":0,"comment_status":"closed","ping_status":"closed","template":"","meta":{"_acf_changed":false,"footnotes":""},"class_list":["post-4878","page","type-page","status-publish","hentry"],"acf":[],"_links":{"self":[{"href":"https:\/\/ak-voelkerstrafrecht.org\/en\/wp-json\/wp\/v2\/pages\/4878","targetHints":{"allow":["GET"]}}],"collection":[{"href":"https:\/\/ak-voelkerstrafrecht.org\/en\/wp-json\/wp\/v2\/pages"}],"about":[{"href":"https:\/\/ak-voelkerstrafrecht.org\/en\/wp-json\/wp\/v2\/types\/page"}],"author":[{"embeddable":true,"href":"https:\/\/ak-voelkerstrafrecht.org\/en\/wp-json\/wp\/v2\/users\/1"}],"replies":[{"embeddable":true,"href":"https:\/\/ak-voelkerstrafrecht.org\/en\/wp-json\/wp\/v2\/comments?post=4878"}],"version-history":[{"count":181,"href":"https:\/\/ak-voelkerstrafrecht.org\/en\/wp-json\/wp\/v2\/pages\/4878\/revisions"}],"predecessor-version":[{"id":5788,"href":"https:\/\/ak-voelkerstrafrecht.org\/en\/wp-json\/wp\/v2\/pages\/4878\/revisions\/5788"}],"wp:attachment":[{"href":"https:\/\/ak-voelkerstrafrecht.org\/en\/wp-json\/wp\/v2\/media?parent=4878"}],"curies":[{"name":"wp","href":"https:\/\/api.w.org\/{rel}","templated":true}]}}